{"id":65,"date":"2009-09-04T14:20:57","date_gmt":"2009-09-04T12:20:57","guid":{"rendered":"http:\/\/divan.nu.bart.kontrollpanelen.se\/?page_id=65"},"modified":"2026-03-16T10:47:35","modified_gmt":"2026-03-16T08:47:35","slug":"65-2","status":"publish","type":"page","link":"https:\/\/divan.nu\/?page_id=65","title":{"rendered":"Tidigare nummer"},"content":{"rendered":"<p style=\"text-align: left;\">H\u00e4r nedan finner Du kort information om alla tidigare nummer av Divan sedan starten 1990. En del av dem \u00e4r sluts\u00e5lda, medan andra fortfarande g\u00e5r att best\u00e4lla. Instruktioner om hur Du g\u00f6r f\u00f6r att best\u00e4lla hittar Du genom\u00a0att klicka\u00a0<a title=\"Prenumerera och best\u00e4ll\" href=\"http:\/\/divan.nu\/?page_id=108\">h\u00e4r!<\/a><br \/><br \/><\/p>\r\n<p><strong><a href=\"http:\/\/divan.nu\/wp-content\/uploads\/2025\/06\/Omslaget-1-2-25.png\"><img loading=\"lazy\" decoding=\"async\" class=\"alignleft  wp-image-2085\" src=\"http:\/\/divan.nu\/wp-content\/uploads\/2025\/06\/Omslaget-1-2-25-896x1024.png\" alt=\"\" width=\"130\" height=\"149\" srcset=\"https:\/\/divan.nu\/wp-content\/uploads\/2025\/06\/Omslaget-1-2-25-896x1024.png 896w, https:\/\/divan.nu\/wp-content\/uploads\/2025\/06\/Omslaget-1-2-25-350x400.png 350w, https:\/\/divan.nu\/wp-content\/uploads\/2025\/06\/Omslaget-1-2-25-131x150.png 131w, https:\/\/divan.nu\/wp-content\/uploads\/2025\/06\/Omslaget-1-2-25-768x878.png 768w, https:\/\/divan.nu\/wp-content\/uploads\/2025\/06\/Omslaget-1-2-25-1344x1536.png 1344w, https:\/\/divan.nu\/wp-content\/uploads\/2025\/06\/Omslaget-1-2-25-1792x2048.png 1792w, https:\/\/divan.nu\/wp-content\/uploads\/2025\/06\/Omslaget-1-2-25-1560x1783.png 1560w\" sizes=\"auto, (max-width: 130px) 100vw, 130px\" \/><\/a>Divan nr 1\u20132 2025 Tid och otid<\/strong>. Tidens g\u00e5ng ramar in och strukturerar v\u00e5ra liv \u2013 utan tidsuppfattning inget subjekt. Samtidigt h\u00e4vdar psykoanalysen att det omedvetna pr\u00e4glas av tidl\u00f6shet, kanh\u00e4nda en form av otid? Det nya numret \u00e4r spr\u00e4ngfyllt av texter om v\u00e5r relation till tid, om v\u00e5r sv\u00e5righet att f\u00f6rst\u00e5 oss p\u00e5 den och f\u00f6rs\u00f6k att undkomma den. H\u00e4r finns Heideggers klassiska text \u201dV\u00e4rldsbildens tid\u201d kommenterad av Hans Ruin, Pablo Lerner skriver om Freud, Rolland och \u201dden oceaniska k\u00e4nslan\u201d och John Swedenmark om antikens tre tidsbegrepp Chronos, Kairos och Aion.\u00a0Nina Weibull bjuder in till konstn\u00e4ren Carl Boutard och hans <em>Degrowth<\/em>, medan den tyske professorn i teoretisk fysik Gernot M\u00fcnster f\u00f6r in naturvetenskapen, kommenterad av Charlotta Bj\u00f6rklind. Poeter i numret \u00e4r Hanna Rajs med nyskrivna dikter och George Oppen i \u00f6vers\u00e4ttning av Peter Th\u00f6rneby, Marie Silkeberg och Gabriel Itkes-Sznap. L\u00e4s <a href=\"http:\/\/divan.nu\/wp-content\/uploads\/2025\/06\/Inledning-nr-1\u20132-2025.pdf\">inledningen h\u00e4r<\/a>!<\/p>\r\n<p><a href=\"http:\/\/divan.nu\/wp-content\/uploads\/2024\/12\/omslag_Sida_1.png\"><img loading=\"lazy\" decoding=\"async\" class=\"alignleft\" src=\"http:\/\/divan.nu\/wp-content\/uploads\/2024\/12\/omslag_Sida_1.png\" alt=\"\" width=\"130\" height=\"149\" \/><\/a><\/p>\r\n<p><strong>Divan nummer 3\u20134 2024 Uppm\u00e4rksamhet<br \/><\/strong>P\u00e5 ett s\u00e4tt vi aldrig tidigare sk\u00e5dat utmanar den moderna v\u00e4rlden v\u00e5r f\u00f6rm\u00e5ga till uppm\u00e4rksamhet. Men vad \u00e4r egentligen uppm\u00e4rksamhet? Johan Eriksson och Tobias Wessely skriver om Freuds uppmaning till psykoanalytikern att lyssna till sin patient med \u201dj\u00e4mnt sv\u00e4vande uppm\u00e4rksamhet\u201d. Wilfred Bion menar att psykoanalytikern i sitt lyssnande m\u00e5ste \u00e5sidos\u00e4tta alla minnen och beg\u00e4r. Adam Philips och John Swedenmark ger nya infallsvinklar till fenomenet uppm\u00e4rksamhet. Andrzej Werbart skriver om skapandet. Nina Weibull g\u00f6r en tolkning av Wim Wenders film <em>Perfect Days <\/em>och Maria Yassa djupdyker i filmen <em>Joker<\/em>. Lilian Munk R\u00f6sing kommenterar Casper David Friedrich m\u00e5lningar. Konst av Jean-Antoine Watteau, Jean-Sim\u00e9on, Spencer Finch. Poesi av Ann J\u00e4derlund, Mariam Naraghi och David Zimmerman. L\u00e4s inledningen <a href=\"http:\/\/divan.nu\/wp-content\/uploads\/2024\/12\/Inledning.pdf\">h\u00e4r<\/a>!<\/p>\r\n<p>&nbsp;<\/p>\r\n<p style=\"font-weight: 400;\"><a href=\"http:\/\/divan.nu\/wp-content\/uploads\/2024\/07\/Medea-Oidipus-bada-omslag-p-1.png\"><img loading=\"lazy\" decoding=\"async\" class=\"alignleft size-thumbnail wp-image-2032\" src=\"http:\/\/divan.nu\/wp-content\/uploads\/2024\/07\/Medea-Oidipus-bada-omslag-p-1-269x150.png\" alt=\"\" width=\"269\" height=\"150\" srcset=\"https:\/\/divan.nu\/wp-content\/uploads\/2024\/07\/Medea-Oidipus-bada-omslag-p-1-269x150.png 269w, https:\/\/divan.nu\/wp-content\/uploads\/2024\/07\/Medea-Oidipus-bada-omslag-p-1-700x390.png 700w, https:\/\/divan.nu\/wp-content\/uploads\/2024\/07\/Medea-Oidipus-bada-omslag-p-1-1024x571.png 1024w, https:\/\/divan.nu\/wp-content\/uploads\/2024\/07\/Medea-Oidipus-bada-omslag-p-1-768x428.png 768w, https:\/\/divan.nu\/wp-content\/uploads\/2024\/07\/Medea-Oidipus-bada-omslag-p-1-1536x856.png 1536w, https:\/\/divan.nu\/wp-content\/uploads\/2024\/07\/Medea-Oidipus-bada-omslag-p-1-2048x1142.png 2048w, https:\/\/divan.nu\/wp-content\/uploads\/2024\/07\/Medea-Oidipus-bada-omslag-p-1-1560x870.png 1560w\" sizes=\"auto, (max-width: 269px) 100vw, 269px\" \/><\/a><strong>Nr 1-2 2024 Medea\/Oidipus<br \/><\/strong>Ur antika tragedier klingar r\u00f6ster i Divan. Pasifae, drottning p\u00e5 Kreta, och Medea i Korinth talar f\u00f6r sina liv och sin heder. Lars-H\u00e5kan Svensson granskar ett textfragment ur Euripides\u00a0<em>Kretensarna<\/em>. En namnl\u00f6s herdepojke m\u00f6ter en arrogant yngling vid namn Laios. Var Oidipus alls skyldig till mordet p\u00e5 fadern? Kristoffer Leandoer, Hans Loewald, Nicole Loraux, Thomas Ogden och Katrine Zeuthen lyfter alla p\u00e5 en freudiansk grundsten, medan Eug\u00e8ne Delacroix skildrar Medea och hennes oskyldiga barn och Pier Paulo Pasolini\u00a0<em>castar\u00a0<\/em>Callas som Medea. Andra konstn\u00e4rskap i numret: Eva Hesse, Felix Gonzalez-Torres och Hanna Zelleke-Collin. Notera att vi har f\u00f6rsett Medea och Oidipus med separata entr\u00e9er och inledningar. L\u00e4s i<a href=\"http:\/\/divan.nu\/wp-content\/uploads\/2024\/07\/Inledning-Medea-nr-1-2-2024-1.pdf\">nledning till Medea!<\/a><br \/><a href=\"http:\/\/divan.nu\/wp-content\/uploads\/2024\/07\/Inledning-Oidipus-nr-1-2-2024-1.pdf\">Och inledning till Oidipus!<\/a><\/p>\r\n<p>&nbsp;<\/p>\r\n<p><a href=\"http:\/\/divan.nu\/wp-content\/uploads\/2024\/06\/OMSLAG-Verkligheter-liten.png\"><img loading=\"lazy\" decoding=\"async\" class=\"alignleft wp-image-1849 size-thumbnail\" src=\"http:\/\/divan.nu\/wp-content\/uploads\/2024\/06\/OMSLAG-Verkligheter-liten-131x150.png\" alt=\"\" width=\"131\" height=\"150\" srcset=\"https:\/\/divan.nu\/wp-content\/uploads\/2024\/06\/OMSLAG-Verkligheter-liten-131x150.png 131w, https:\/\/divan.nu\/wp-content\/uploads\/2024\/06\/OMSLAG-Verkligheter-liten-350x400.png 350w, https:\/\/divan.nu\/wp-content\/uploads\/2024\/06\/OMSLAG-Verkligheter-liten-768x878.png 768w, https:\/\/divan.nu\/wp-content\/uploads\/2024\/06\/OMSLAG-Verkligheter-liten-896x1024.png 896w, https:\/\/divan.nu\/wp-content\/uploads\/2024\/06\/OMSLAG-Verkligheter-liten.png 1240w\" sizes=\"auto, (max-width: 131px) 100vw, 131px\" \/><\/a><\/p>\r\n<p><strong>Nr 3-4\/2023 Verkligheter<br \/><\/strong>Arnold H. Modell om leken, illusionen och det psykoanalytiska arrangemanget. Meghan Quinlan om likheter mellan kattens och det lilla barnets lekande. Johan Espersson och autofiktion. Alfred Sk\u00f6ld och Johan Eriksson unders\u00f6ker sj\u00e4lvk\u00e4nnedom som v\u00e4gen ut ur f\u00f6rtvivlan. Claes Olsson om W.R. Bion. Judy Gammelgaard, Daniel Sykes, Charlotta Bj\u00f6rklind, Roland Barthes. Dikter av Marie Silkeberg, Larry Eigner och Jonas Brun.<span class=\"Apple-converted-space\">\u00a0<a href=\"https:\/\/divan.nu\/wp-content\/uploads\/2023\/12\/Inledning-DIVAN-NR-3-42023-.pdf\">L\u00e4s inledningen!<\/a><\/span><\/p>\r\n<div>\u00a0<\/div>\r\n<div>\u00a0<\/div>\r\n<div><strong><a href=\"http:\/\/divan.nu\/wp-content\/uploads\/2023\/06\/Divan-nr-1-22023-omslag-web-2.jpeg\"><img loading=\"lazy\" decoding=\"async\" class=\"alignleft size-thumbnail wp-image-1764\" src=\"http:\/\/divan.nu\/wp-content\/uploads\/2023\/06\/Divan-nr-1-22023-omslag-web-2-131x150.jpeg\" alt=\"\" width=\"131\" height=\"150\" srcset=\"https:\/\/divan.nu\/wp-content\/uploads\/2023\/06\/Divan-nr-1-22023-omslag-web-2-131x150.jpeg 131w, https:\/\/divan.nu\/wp-content\/uploads\/2023\/06\/Divan-nr-1-22023-omslag-web-2-350x400.jpeg 350w, https:\/\/divan.nu\/wp-content\/uploads\/2023\/06\/Divan-nr-1-22023-omslag-web-2-768x879.jpeg 768w, https:\/\/divan.nu\/wp-content\/uploads\/2023\/06\/Divan-nr-1-22023-omslag-web-2-895x1024.jpeg 895w, https:\/\/divan.nu\/wp-content\/uploads\/2023\/06\/Divan-nr-1-22023-omslag-web-2.jpeg 1000w\" sizes=\"auto, (max-width: 131px) 100vw, 131px\" \/><\/a>Nr 1\u20132\/2023 Pornografi<\/strong><\/div>\r\n<div>Minotauren som spegel. R. Stoller, L. Williams, C-M. Edenborg, M. Yassa, T. Elensky, F. Stj\u00e4rne, J. Chasseguet-Smirgel,\u00a0S. Greveniotis om pornografi och makt, jouissance och njutning, perversion och fetischism, J. Benjamin, Sympathy for the Devil, J. Gammelgaard, Romanen och en\u00a0v\u00e4rld i brand. <a href=\"http:\/\/divan.nu\/wp-content\/uploads\/2023\/11\/Divan-porr-inledning.pdf\">L\u00e4s inledningen!<\/a><\/div>\r\n<div>\u00a0<\/div>\r\n<div>\u00a0<\/div>\r\n<p><a href=\"http:\/\/divan.nu\/wp-content\/uploads\/2023\/01\/omslag-3-4-1.png\"><strong><img loading=\"lazy\" decoding=\"async\" class=\"alignleft wp-image-1737 size-thumbnail\" src=\"http:\/\/divan.nu\/wp-content\/uploads\/2023\/01\/omslag-3-4-1-131x150.png\" alt=\"\" width=\"131\" height=\"150\" srcset=\"https:\/\/divan.nu\/wp-content\/uploads\/2023\/01\/omslag-3-4-1-131x150.png 131w, https:\/\/divan.nu\/wp-content\/uploads\/2023\/01\/omslag-3-4-1-350x400.png 350w, https:\/\/divan.nu\/wp-content\/uploads\/2023\/01\/omslag-3-4-1.png 480w\" sizes=\"auto, (max-width: 131px) 100vw, 131px\" \/><\/strong><\/a><strong>Nr 3\u20134 \/2022<\/strong>\u00a0<strong>Avhumanisering<br \/><\/strong>Vamik Volkan, Igor Romanov och Michael O\u2019Loughlin:\u00a0 kollektiva trauman i d\u00e5tid och i ett akut nu. Jila Mossaed, Peter Cornell, Oliver Parland. Lene Auestad om homofobi som misogyni och rasism, Clarence Crafoord om patologisk narcissism och avhumanisering. Nina Weibull om ukrainska m\u00e4stares bidrag i de \u201dryska\u201d 1910\u20131930-talen. Johan Eriksson om Freuds libidoteori f\u00f6r det egentligt m\u00e4nskliga och Fredrik Bensk\u00f6ld om den urtida savannm\u00e4nniskan och cyborgen.\u00a0\u00a0<a href=\"http:\/\/divan.nu\/wp-content\/uploads\/2022\/12\/inledning-3-4-Divan-1.pdf\">L\u00e4s inledningen!<\/a><\/p>\r\n<p><span style=\"font-style: normal; color: #99cc00;\"><span style=\"color: #000000;\"><strong><br \/><a href=\"http:\/\/divan.nu\/wp-content\/uploads\/2022\/06\/OMSLAG-1-2_2022.jpeg\"><img loading=\"lazy\" decoding=\"async\" class=\"alignleft wp-image-1654 size-thumbnail\" src=\"http:\/\/divan.nu\/wp-content\/uploads\/2022\/06\/OMSLAG-1-2_2022-131x150.jpeg\" alt=\"\" width=\"131\" height=\"150\" srcset=\"https:\/\/divan.nu\/wp-content\/uploads\/2022\/06\/OMSLAG-1-2_2022-131x150.jpeg 131w, https:\/\/divan.nu\/wp-content\/uploads\/2022\/06\/OMSLAG-1-2_2022-350x400.jpeg 350w, https:\/\/divan.nu\/wp-content\/uploads\/2022\/06\/OMSLAG-1-2_2022.jpeg 480w\" sizes=\"auto, (max-width: 131px) 100vw, 131px\" \/><\/a><\/strong><\/span><\/span><span style=\"font-style: normal; color: #99cc00;\"><span style=\"color: #000000;\"><strong>1 &#8211; 2 2022 Teknik\/metod<br \/><\/strong><\/span><\/span>Bilder av mannen.\u00a0Andreas Keller:\u00a0\u00a0Den psykoanalytiska teknikens konfliktfyllda historia. Melanie Klein:\u00a0 Promemoria g\u00e4llande min teknik. Anna Freud:\u00a0 Promemoria av Anna Freud, Marjorie Brierley:\u00a0\u00a0Promemoria g\u00e4llande min teknik. Christian Nilsson:\u00a0\u00a0Att uppt\u00e4cka den egna praktiken p\u00e5 nytt. Petra M\u00f6lstad: matmor.\u00a0Marcia S\u00e1 Cavalcante Schuback:\u00a0\u00a0Exil som (en annan) hermeneutisk metod.\u00a0<em>Ulf Karl Olov Nilsson:\u00a0\u00a0<\/em>G\u00f6teborgsvitsen och dess f\u00f6rh\u00e5llande till det omedvetna m m. Konst Berit Lindfeldt m fl. <a href=\"http:\/\/divan.nu\/wp-content\/uploads\/2022\/06\/Divan-1-2-2022-inledning.pdf\">L\u00e4s inledningen!<\/a><\/p>\r\n<p>&nbsp;<\/p>\r\n<p style=\"text-align: left;\"><em><strong><a href=\"http:\/\/divan.nu\/wp-content\/uploads\/2021\/12\/3-4-2021-Tystnad-Omslag.png\"><img loading=\"lazy\" decoding=\"async\" class=\"alignleft wp-image-1639\" src=\"http:\/\/divan.nu\/wp-content\/uploads\/2021\/12\/3-4-2021-Tystnad-Omslag.png\" alt=\"\" width=\"125\" height=\"143\" srcset=\"https:\/\/divan.nu\/wp-content\/uploads\/2021\/12\/3-4-2021-Tystnad-Omslag.png 480w, https:\/\/divan.nu\/wp-content\/uploads\/2021\/12\/3-4-2021-Tystnad-Omslag-131x150.png 131w, https:\/\/divan.nu\/wp-content\/uploads\/2021\/12\/3-4-2021-Tystnad-Omslag-350x400.png 350w\" sizes=\"auto, (max-width: 125px) 100vw, 125px\" \/><\/a>3 \u2013 4 2021 Tystnad<br \/><\/strong><\/em>T Foss om tystnad bortom psykoanalysen. G Itkes-Sznap:\u00a0Mellan Celan, dziadzio och Kaminsky. Winnicott:\u00a0Tv\u00e5 anm\u00e4rkningar. MMR Khan:\u00a0Tystnad som kommunikation. JM Stokkeland: Det n\u00e4rvarande objektet och den g\u00e5tfulla insidan. S Sontag:\u00a0Tystnadens estetik. Konst: Susanne Johansson, K Mamma Andersson, R Rauschenberg\u00a0 m fl.\u00a0<a href=\"http:\/\/divan.nu\/wp-content\/uploads\/2021\/12\/ledare-1-2-2021-Tystnad-Divan.pdf\"><span class=\"s2\">L\u00e4s inledningen!<\/span><\/a><\/p>\r\n<p><span style=\"font-style: normal; color: #99cc00;\">\u2022\u00a0<\/span><\/p>\r\n<p style=\"text-align: left;\"><em><strong><a href=\"http:\/\/divan.nu\/wp-content\/uploads\/2021\/06\/omslaget-fo\u0308r-web.jpg\"><img loading=\"lazy\" decoding=\"async\" class=\"alignleft wp-image-1614 size-thumbnail\" src=\"http:\/\/divan.nu\/wp-content\/uploads\/2021\/06\/omslaget-fo\u0308r-web-131x150.jpg\" alt=\"\" width=\"131\" height=\"150\" srcset=\"https:\/\/divan.nu\/wp-content\/uploads\/2021\/06\/omslaget-fo\u0308r-web-131x150.jpg 131w, https:\/\/divan.nu\/wp-content\/uploads\/2021\/06\/omslaget-fo\u0308r-web-348x400.jpg 348w, https:\/\/divan.nu\/wp-content\/uploads\/2021\/06\/omslaget-fo\u0308r-web-768x882.jpg 768w, https:\/\/divan.nu\/wp-content\/uploads\/2021\/06\/omslaget-fo\u0308r-web-891x1024.jpg 891w, https:\/\/divan.nu\/wp-content\/uploads\/2021\/06\/omslaget-fo\u0308r-web-1560x1792.jpg 1560w, https:\/\/divan.nu\/wp-content\/uploads\/2021\/06\/omslaget-fo\u0308r-web.jpg 1748w\" sizes=\"auto, (max-width: 131px) 100vw, 131px\" \/><\/a>1 \u2013 2 2021 Spr\u00e5k och spr\u00e5kf\u00f6rbistring<br \/><\/strong><\/em>L. Auestad: N\u00e4rvaro, fr\u00e5nvaro, inre objekt. S. Ferenczi om spr\u00e5kf\u00f6rbistring. J. Gammelgaard om metonymi, H. Enckell om metafor och psykoanalytisk process. Mari Ruti: Beg\u00e4rets egenart. Sylvie Le Poulichet om \u00f6verf\u00f6ringens f\u00f6delseakt. Litt. text av bl a Eva Ribich, Jonas Brun, Catharina Engstr\u00f6m. Konst:\u00a0Annika Svenbro, Ann B\u00f6ttcher m fl.\u00a0\u00a0<a href=\"http:\/\/divan.nu\/wp-content\/uploads\/2021\/06\/inledning-fo\u0308r-web.pdf\"><span class=\"s2\">L\u00e4s inledningen!<\/span><\/a><\/p>\r\n<p><span style=\"font-style: normal; color: #99cc00;\">\u2022\u00a0<\/span><\/p>\r\n<p style=\"text-align: left;\"><em><strong><a href=\"http:\/\/divan.nu\/wp-content\/uploads\/2020\/12\/omslagsfront.png\"><img loading=\"lazy\" decoding=\"async\" class=\"alignleft wp-image-1561\" src=\"http:\/\/divan.nu\/wp-content\/uploads\/2020\/12\/omslagsfront.png\" alt=\"\" width=\"125\" height=\"143\" srcset=\"https:\/\/divan.nu\/wp-content\/uploads\/2020\/12\/omslagsfront.png 960w, https:\/\/divan.nu\/wp-content\/uploads\/2020\/12\/omslagsfront-131x150.png 131w, https:\/\/divan.nu\/wp-content\/uploads\/2020\/12\/omslagsfront-350x400.png 350w, https:\/\/divan.nu\/wp-content\/uploads\/2020\/12\/omslagsfront-768x878.png 768w, https:\/\/divan.nu\/wp-content\/uploads\/2020\/12\/omslagsfront-895x1024.png 895w\" sizes=\"auto, (max-width: 125px) 100vw, 125px\" \/><\/a> 3 \u2013 4 2020 Apokalyps<br \/><\/strong><\/em>Carin Franz\u00e9n:\u00a0Boccaccios Corona. J. Laplanche och D. Bell om d\u00f6dsdriften. Dikter av Haukur Ingvarsson och Ulf Karl Olov Nilsson. Maria Yassa:\u00a0 Sex l\u00f6gner och polisf\u00f6rh\u00f6r C. Bollas:\u00a0Kulturen och de som vantrivs i den. <span class=\"s1\">Derridas\u00a0<i>Om en nyligen uppst\u00e4md apokalyptisk ton i filosofin<\/i> i \u00f6vers. av S<\/span>-O Wallenstein. Konst: Fredrik S\u00f6derberg m fl. <a href=\"http:\/\/divan.nu\/wp-content\/uploads\/2020\/12\/Inledning-3-4-2020.pdf\"><span class=\"s2\">L\u00e4s inledningen!<\/span><\/a><\/p>\r\n<p><span style=\"font-style: normal; color: #99cc00;\">\u2022\u00a0<\/span><\/p>\r\n<p style=\"text-align: left;\"><em><strong><a href=\"http:\/\/divan.nu\/wp-content\/uploads\/2020\/06\/OMSLAG-1-2_2020.jpeg\"><img loading=\"lazy\" decoding=\"async\" class=\"alignleft wp-image-1546\" src=\"http:\/\/divan.nu\/wp-content\/uploads\/2020\/06\/OMSLAG-1-2_2020.jpeg\" alt=\"\" width=\"125\" height=\"144\" srcset=\"https:\/\/divan.nu\/wp-content\/uploads\/2020\/06\/OMSLAG-1-2_2020.jpeg 960w, https:\/\/divan.nu\/wp-content\/uploads\/2020\/06\/OMSLAG-1-2_2020-130x150.jpeg 130w, https:\/\/divan.nu\/wp-content\/uploads\/2020\/06\/OMSLAG-1-2_2020-346x400.jpeg 346w, https:\/\/divan.nu\/wp-content\/uploads\/2020\/06\/OMSLAG-1-2_2020-768x887.jpeg 768w, https:\/\/divan.nu\/wp-content\/uploads\/2020\/06\/OMSLAG-1-2_2020-886x1024.jpeg 886w\" sizes=\"auto, (max-width: 125px) 100vw, 125px\" \/><\/a>1\u00a0\u2013 2 2020 Sorg\u00a0<span style=\"color: #ff0000;\">SLUT<\/span><\/strong><strong><br \/><\/strong><\/em><span class=\"s1\">Jonathan Lear: Sorg och moralpsykologi. Jacqueline Rose: Virginia Woolf och modernismens d\u00f6d. Dikter av G\u00f6ran Sonnevi. Hans Ruin om sorgens fenomenologi. Karin Brygger om kaddish, Ulrika Bj\u00f6rk om Sabina Spielrein. Texter av H\u00e5kan M\u00f6ller och Andreas Norman. Alfred Bordado Sk\u00f6ld: melankolins n\u00f6dv\u00e4ndighet. Konst: Maria Miesenberger m fl. <a href=\"http:\/\/divan.nu\/?attachment_id=1552\"><span class=\"s2\">L\u00e4s inledningen!<\/span><\/a><\/span><\/p>\r\n<p><span style=\"font-style: normal; color: #99cc00;\">\u2022\u00a0<\/span><\/p>\r\n<p style=\"text-align: left;\"><em><strong><a href=\"http:\/\/divan.nu\/wp-content\/uploads\/2019\/12\/omslag-3-4_2019.jpg\"><img loading=\"lazy\" decoding=\"async\" class=\"alignleft wp-image-1467\" src=\"http:\/\/divan.nu\/wp-content\/uploads\/2019\/12\/omslag-3-4_2019.jpg\" alt=\"\" width=\"125\" height=\"146\" srcset=\"https:\/\/divan.nu\/wp-content\/uploads\/2019\/12\/omslag-3-4_2019.jpg 1339w, https:\/\/divan.nu\/wp-content\/uploads\/2019\/12\/omslag-3-4_2019-129x150.jpg 129w, https:\/\/divan.nu\/wp-content\/uploads\/2019\/12\/omslag-3-4_2019-343x400.jpg 343w, https:\/\/divan.nu\/wp-content\/uploads\/2019\/12\/omslag-3-4_2019-768x895.jpg 768w, https:\/\/divan.nu\/wp-content\/uploads\/2019\/12\/omslag-3-4_2019-878x1024.jpg 878w\" sizes=\"auto, (max-width: 125px) 100vw, 125px\" \/><\/a><\/strong><\/em><\/p>\r\n<p style=\"text-align: left;\"><em><strong>3 \u2013 4 2019 Det oavslutade <span style=\"color: #ff0000;\">SLUT<\/span><br \/><\/strong><\/em><span class=\"s1\">Adam Phillips: Att prata nonsens och att veta n\u00e4r man ska sluta. Rafael Argullol: V\u00e4ntan. Nina Weibull &amp; Mikael Sund\u00e9n om Giacometti. Gunvor Hofmo, fem dikter. Uljana Akca om Orfeus. Charlotta Bj\u00f6rklind om k\u00f6nets undflyende v\u00e4sen. Sotiris Greveniotis: Maskulinitet som prestation och s\u00f6nderfall. Konst: Giacometti, Sigrid Sandstr\u00f6m m.fl. <a href=\"http:\/\/divan.nu\/?attachment_id=1468\"><span class=\"s2\">L\u00e4s inledningen!<\/span><\/a><\/span><\/p>\r\n<p><span style=\"font-style: normal; color: #99cc00;\">\u2022\u00a0<\/span><\/p>\r\n<p style=\"text-align: left;\"><em><strong><a href=\"http:\/\/divan.nu\/wp-content\/uploads\/2019\/05\/Omslag_1-2_2019e.jpg\"><img loading=\"lazy\" decoding=\"async\" class=\"alignleft wp-image-1442 size-thumbnail\" src=\"http:\/\/divan.nu\/wp-content\/uploads\/2019\/05\/Omslag_1-2_2019e-131x150.jpg\" alt=\"\" width=\"131\" height=\"150\" srcset=\"https:\/\/divan.nu\/wp-content\/uploads\/2019\/05\/Omslag_1-2_2019e-131x150.jpg 131w, https:\/\/divan.nu\/wp-content\/uploads\/2019\/05\/Omslag_1-2_2019e-350x400.jpg 350w, https:\/\/divan.nu\/wp-content\/uploads\/2019\/05\/Omslag_1-2_2019e-768x879.jpg 768w, https:\/\/divan.nu\/wp-content\/uploads\/2019\/05\/Omslag_1-2_2019e-895x1024.jpg 895w, https:\/\/divan.nu\/wp-content\/uploads\/2019\/05\/Omslag_1-2_2019e-1560x1785.jpg 1560w, https:\/\/divan.nu\/wp-content\/uploads\/2019\/05\/Omslag_1-2_2019e.jpg 1646w\" sizes=\"auto, (max-width: 131px) 100vw, 131px\" \/><\/a>1 \u2013 2 2019 Bot<br \/><\/strong><\/em>Michael Eigen: Att g\u00f6ra skillnad.\u00a0C. Fleury om\u00a0Klinikens filosofi.\u00a0John Sundkvist:\u00a0\u00a0Ivan Agu\u00e9li och Proust.\u00a0Rolf K\u00fcnstlicher:\u00a0Det f\u00f6rflutnas \u00e5terkomst.\u00a0Emma G\u00f6ransson :\u00a0Minnen och hus. James Strachey om den psykoanalytiska terapins verkan.\u00a0H.\u00a0W. Loewald om terapeutisk verkan.\u00a0Konst:\u00a0\u00a0J. Sundkvist, E. G\u00f6ransson, Cy Twombly, Agu\u00e9li.<span class=\"s1\">\u00a0<\/span><a href=\"http:\/\/divan.nu\/?attachment_id=1444\">L\u00e4s inledningen!<\/a><\/p>\r\n<p><span style=\"font-style: normal; color: #99cc00;\">\u2022\u00a0<\/span><\/p>\r\n<p><em><strong><a href=\"http:\/\/divan.nu\/wp-content\/uploads\/2018\/12\/omslag_dygd_web.jpg\"><img loading=\"lazy\" decoding=\"async\" class=\"alignleft wp-image-1178\" src=\"http:\/\/divan.nu\/wp-content\/uploads\/2018\/12\/omslag_dygd_web.jpg\" alt=\"\" width=\"125\" height=\"140\" srcset=\"https:\/\/divan.nu\/wp-content\/uploads\/2018\/12\/omslag_dygd_web.jpg 1270w, https:\/\/divan.nu\/wp-content\/uploads\/2018\/12\/omslag_dygd_web-133x150.jpg 133w, https:\/\/divan.nu\/wp-content\/uploads\/2018\/12\/omslag_dygd_web-356x400.jpg 356w, https:\/\/divan.nu\/wp-content\/uploads\/2018\/12\/omslag_dygd_web-768x863.jpg 768w, https:\/\/divan.nu\/wp-content\/uploads\/2018\/12\/omslag_dygd_web-911x1024.jpg 911w\" sizes=\"auto, (max-width: 125px) 100vw, 125px\" \/><\/a>3 \u2013 4 2018 Dygd<br \/><\/strong><\/em><span class=\"s1\">Cynthia Fleury: Meningen<\/span> <span class=\"s1\">med mod. C. Fleury &amp; Clarence Crafoord samtalar: \u00c4r demokrati en dygd? Peter Cornell:\u00a0Till s\u00e4ngs. Charlotta Weigelt\u00a0om moralfilosofins f\u00f6delse. \u00c5ke L\u00f6fgren:\u00a0Vad moraliskt liv \u00e4r och inte \u00e4r. Mariam Naraghi:\u00a0Dikter. Jonathan Lear:\u00a0Den icke-rationella sj\u00e4lens integrering.\u00a0<\/span><span class=\"s1\">Konst:\u00a0\u00c9douard Vuillard, Mats Bergquist m fl.\u00a0<\/span><a href=\"http:\/\/divan.nu\/wp-content\/uploads\/2018\/12\/3-4-2018-Inledning-.pdf\">L\u00e4s inledningen!<\/a><\/p>\r\n<p style=\"text-align: left;\"><span style=\"font-style: normal; color: #99cc00;\">\u2022\u00a0<\/span><\/p>\r\n<p style=\"text-align: left;\"><em><strong><a href=\"http:\/\/divan.nu\/wp-content\/uploads\/2009\/09\/omslag_1-2-2018_Sida_1.jpg\"><img loading=\"lazy\" decoding=\"async\" class=\"alignleft wp-image-1147\" src=\"http:\/\/divan.nu\/wp-content\/uploads\/2009\/09\/omslag_1-2-2018_Sida_1.jpg\" alt=\"\" width=\"125\" height=\"144\" srcset=\"https:\/\/divan.nu\/wp-content\/uploads\/2009\/09\/omslag_1-2-2018_Sida_1.jpg 2199w, https:\/\/divan.nu\/wp-content\/uploads\/2009\/09\/omslag_1-2-2018_Sida_1-130x150.jpg 130w, https:\/\/divan.nu\/wp-content\/uploads\/2009\/09\/omslag_1-2-2018_Sida_1-347x400.jpg 347w, https:\/\/divan.nu\/wp-content\/uploads\/2009\/09\/omslag_1-2-2018_Sida_1-768x885.jpg 768w, https:\/\/divan.nu\/wp-content\/uploads\/2009\/09\/omslag_1-2-2018_Sida_1-888x1024.jpg 888w\" sizes=\"auto, (max-width: 125px) 100vw, 125px\" \/><\/a>1 \u2013 2 2018 Realitetsf\u00f6rlust<br \/><\/strong><\/em><span class=\"s1\">H. Deutsch:\u00a0N\u00e5gra former av k\u00e4nslom\u00e4ssig st\u00f6rning. Dikt av Jenny Tunedal. Johan Eriksson: om att leva och inte leva ett liv\u00a0som \u00e4r verkligt. Fredrika Stj\u00e4rne samtalar med Michael Eigen. Frank Bidart: <i>Ellen West<\/i>. Jonas Brun om Bidart. Piera Aulagnier: Flykten in i hallucinationen. Text och bildsvit av Leif Holmstrand. Konst: Ulla Wiggen, Dan Wolgers, Henri Michaux m fl.\u00a0<\/span><a href=\"http:\/\/divan.nu\/wp-content\/uploads\/2018\/06\/1-22018-Divan-Ledare.pdf\">L\u00e4s inledningen!<\/a><\/p>\r\n<p><span style=\"font-style: normal; color: #99cc00;\"> \u2022\u00a0<\/span><\/p>\r\n<p style=\"text-align: left;\"><em><strong><a href=\"http:\/\/divan.nu\/wp-content\/uploads\/2009\/09\/omslag_3-4-2017.jpg\"><img loading=\"lazy\" decoding=\"async\" class=\"alignleft wp-image-1152\" src=\"http:\/\/divan.nu\/wp-content\/uploads\/2009\/09\/omslag_3-4-2017.jpg\" alt=\"\" width=\"125\" height=\"145\" srcset=\"https:\/\/divan.nu\/wp-content\/uploads\/2009\/09\/omslag_3-4-2017.jpg 2450w, https:\/\/divan.nu\/wp-content\/uploads\/2009\/09\/omslag_3-4-2017-130x150.jpg 130w, https:\/\/divan.nu\/wp-content\/uploads\/2009\/09\/omslag_3-4-2017-346x400.jpg 346w, https:\/\/divan.nu\/wp-content\/uploads\/2009\/09\/omslag_3-4-2017-768x889.jpg 768w, https:\/\/divan.nu\/wp-content\/uploads\/2009\/09\/omslag_3-4-2017-885x1024.jpg 885w\" sizes=\"auto, (max-width: 125px) 100vw, 125px\" \/><\/a>3 \u2013 4 2017 Samtal<br \/><\/strong><\/em><span class=\"s1\">Ogden:\u00a0Det inledande analytiska m\u00f6tet. Dikt av Johanna Ekstr\u00f6m.\u00a0<\/span><span class=\"s1\">Maria Yassa\u00a0om Marilynne Robinsons\u00a0<i>Lila<\/i>. C. Bollas:\u00a0Demokratins psykiska ramverk.\u00a0<\/span>Fredrika Stj\u00e4rne\u00a0samtalar med Jessica Benjamin. J. Benjamin:\u00a0<i>Bortom den-<\/i><span class=\"s1\"><i>\u00a0som-g\u00f6r och den-som-blir-gjord-med<\/i>.\u00a0\u00a0<\/span><span class=\"s1\">UKON:\u00a0Sjukdomens poetik. Konst:\u00a0Jaume Plensa\u00a0m fl.\u00a0<\/span><span style=\"color: #0000ff;\">\u00a0<a href=\"http:\/\/divan.nu\/wp-content\/uploads\/2017\/12\/ledaren.pdf\">L\u00e4s inledningen!<\/a><\/span><\/p>\r\n<p><span style=\"font-style: normal; color: #99cc00;\"> \u2022<br \/><em><strong><a href=\"http:\/\/divan.nu\/wp-content\/uploads\/2009\/09\/omslag_1-2-2017-kopia.jpg\"><img loading=\"lazy\" decoding=\"async\" class=\"alignleft wp-image-1112\" src=\"http:\/\/divan.nu\/wp-content\/uploads\/2009\/09\/omslag_1-2-2017-kopia.jpg\" alt=\"\" width=\"135\" height=\"154\" srcset=\"https:\/\/divan.nu\/wp-content\/uploads\/2009\/09\/omslag_1-2-2017-kopia.jpg 1241w, https:\/\/divan.nu\/wp-content\/uploads\/2009\/09\/omslag_1-2-2017-kopia-131x150.jpg 131w, https:\/\/divan.nu\/wp-content\/uploads\/2009\/09\/omslag_1-2-2017-kopia-350x400.jpg 350w, https:\/\/divan.nu\/wp-content\/uploads\/2009\/09\/omslag_1-2-2017-kopia-898x1024.jpg 898w\" sizes=\"auto, (max-width: 135px) 100vw, 135px\" \/><\/a><\/strong><\/em><\/span><\/p>\r\n<p><em><strong>1 \u2013 2 2017 Fundament och fundamentalism<br \/><\/strong><\/em><span class=\"s1\">D. Hirsch om religi\u00f6s radikalisering. Kristoffer Leandoer: Hemmastaddhet. C. Ouzounidis: Flyktdjurets f\u00f6delse. E. Engebretsen: Evidens, en modern fundamentalism? David Bell: Psykoanalys och psykiatri. Lene Auestad &amp; John Swedenmark i samtal. K. Zeuthen om det outs\u00e4gliga. J. Lear:\u00a0fyra s\u00e4tt att betrakta ett \u00f6gonblick. Konst: Pierre Bonnard.\u00a0<\/span><a href=\"http:\/\/divan.nu\/wp-content\/uploads\/2017\/06\/inledning-kopia.pdf\">L\u00e4s inledningen!<\/a><\/p>\r\n<p><span style=\"font-style: normal; color: #99cc00;\">\u2022\u00a0<\/span><\/p>\r\n<p style=\"text-align: left;\"><em><strong>3 \u2013 4 2016 Sammanbrott<\/strong><strong><a href=\"http:\/\/divan.nu\/wp-content\/uploads\/2009\/09\/Divan_3-4-2016_omslag.jpg\"><img loading=\"lazy\" decoding=\"async\" class=\"alignleft wp-image-1104\" src=\"http:\/\/divan.nu\/wp-content\/uploads\/2009\/09\/Divan_3-4-2016_omslag.jpg\" alt=\"\" width=\"135\" height=\"156\" srcset=\"https:\/\/divan.nu\/wp-content\/uploads\/2009\/09\/Divan_3-4-2016_omslag.jpg 2539w, https:\/\/divan.nu\/wp-content\/uploads\/2009\/09\/Divan_3-4-2016_omslag-129x150.jpg 129w, https:\/\/divan.nu\/wp-content\/uploads\/2009\/09\/Divan_3-4-2016_omslag-345x400.jpg 345w, https:\/\/divan.nu\/wp-content\/uploads\/2009\/09\/Divan_3-4-2016_omslag-883x1024.jpg 883w\" sizes=\"auto, (max-width: 135px) 100vw, 135px\" \/><\/a><br \/><\/strong><\/em><span class=\"s1\">Winnicott: Fruktan f\u00f6r sammanbrott &amp; Galenskapens psykologi T. H. Ogden: det olevda livet.\u00a0Tonya Madsen: Spr\u00e5k och sammanbrott. Beate Grimsrud: N\u00e4r \u00e4r tiden inne f\u00f6r sammanbrottet?\u00a0J. Staberg: UKONs Gl\u00f6mskans bibliotek. Karin Johannisson om k\u00f6n och nerv\u00f6sa sammanbrott. J. M. Stokkeland: avvisande av kvinnligheten hos Shakespeare.\u00a0Konst: Leontine Arvidsson, Ulrik Samuelson.\u00a0<\/span><a href=\"http:\/\/divan.nu\/wp-content\/uploads\/2009\/09\/inledning-3-4-2016.pdf\">L<\/a><a href=\"http:\/\/divan.nu\/wp-content\/uploads\/2009\/09\/inledning-3-4-2016.pdf\">\u00e4s<\/a><a href=\"http:\/\/divan.nu\/wp-content\/uploads\/2009\/09\/inledning-3-4-2016.pdf\"> inledningen!<\/a><\/p>\r\n<p><span style=\"font-style: normal; color: #99cc00;\">\u2022\u00a0<\/span><\/p>\r\n<p style=\"text-align: left;\"><a href=\"http:\/\/divan.nu\/wp-content\/uploads\/2009\/09\/Omslag-Divan-1-2-2016.jpg\"><img loading=\"lazy\" decoding=\"async\" class=\"alignleft size-full wp-image-1089\" style=\"margin: 10px;\" title=\"Omslag Divan 1-2-2016\" src=\"http:\/\/divan.nu\/wp-content\/uploads\/2009\/09\/Omslag-Divan-1-2-2016.jpg\" alt=\"\" width=\"124\" height=\"144\" srcset=\"https:\/\/divan.nu\/wp-content\/uploads\/2009\/09\/Omslag-Divan-1-2-2016-130x150.jpg 130w, https:\/\/divan.nu\/wp-content\/uploads\/2009\/09\/Omslag-Divan-1-2-2016-348x400.jpg 348w\" sizes=\"auto, (max-width: 124px) 100vw, 124px\" \/><\/a><\/p>\r\n<p><em><strong>1 \u2013 2 2016 Det Naiva<br \/><\/strong><\/em><span class=\"s1\">Kristeva: Att tolka det radikalt onda. UKON: Symboll\u00e4ra f\u00f6r det 21:a \u00e5rhundradet. Piera Aulagnier: R\u00e4tten till hemligheter. Dikter av Louise Gl\u00fcck, Marie Norin och Konny Isgren. Roger Fjellstr\u00f6m om Antonin Artaud. Arne Jemstedt: Naivitet och paranoia. Axel Andersson om terapi innan tidens slut. Konst: Pierre Bonnard m fl.\u00a0<\/span><a href=\"http:\/\/divan.nu\/wp-content\/uploads\/2016\/06\/inledning-Divan-1-22016-Det-Naiva.pdf\" target=\"_blank\" rel=\"noopener\">L\u00e4s<\/a><a href=\"http:\/\/divan.nu\/wp-content\/uploads\/2016\/06\/inledning-Divan-1-22016-Det-Naiva.pdf\" target=\"_blank\" rel=\"noopener\"> inledn<\/a><a href=\"http:\/\/divan.nu\/wp-content\/uploads\/2016\/06\/inledning-Divan-1-22016-Det-Naiva.pdf\" target=\"_blank\" rel=\"noopener\">ingen!<\/a><\/p>\r\n<p><span style=\"font-style: normal; color: #99cc00;\">\u2022\u00a0<\/span><\/p>\r\n<p style=\"text-align: left;\"><a href=\"http:\/\/divan.nu\/wp-content\/uploads\/2009\/09\/Omslag1.jpg\"><img loading=\"lazy\" decoding=\"async\" class=\"size-full wp-image-1037 alignleft\" style=\"margin: 10px;\" title=\"Omslag D\u00f6den 3-4 2015\" src=\"http:\/\/divan.nu\/wp-content\/uploads\/2009\/09\/Omslag1.jpg\" alt=\"\" width=\"124\" height=\"144\" \/><\/a><\/p>\r\n<p style=\"text-align: left;\"><em><strong>3 \u2013 4 2015 D\u00f6den <span style=\"color: #ff0000;\">SLUT<\/span><\/strong><\/em><strong><span style=\"color: #ff0000;\"><em style=\"font-size: 1em;\"><br \/><\/em><\/span><\/strong><span class=\"s1\">C. Bollas: Filosofi mot slutet av livet. Franco De Masi om att m\u00f6ta d\u00f6dens sm\u00e4rta. W. Hanbowski: Om \u00f6verlevnadsfantasier under \u00e5ldrandeprocessen. Kate Larson: Naken och d\u00f6d redan i detta liv. M. William-Olsson: Inte inte syster. Juhani Kotkavirta: Hur ska vi t\u00e4nka p\u00e5 d\u00f6den? Hans Ruin om livet efter d\u00f6den. Konst: Clay Ketter, Daniel Lagerl\u00f6f, Ulla Fries.\u00a0<\/span><a title=\"F\u00f6rord Divan Politik 1-2 2015\" href=\"http:\/\/divan.nu\/wp-content\/uploads\/2009\/09\/inledning_3-4_2015.pdf\" target=\"_blank\" rel=\"noopener\">L\u00e4s<\/a><a title=\"F\u00f6rord Divan Politik 1-2 2015\" href=\"http:\/\/divan.nu\/wp-content\/uploads\/2009\/09\/inledning_3-4_2015.pdf\" target=\"_blank\" rel=\"noopener\"> inledni<\/a><a title=\"F\u00f6rord Divan Politik 1-2 2015\" href=\"http:\/\/divan.nu\/wp-content\/uploads\/2009\/09\/inledning_3-4_2015.pdf\" target=\"_blank\" rel=\"noopener\">ngen!<\/a><\/p>\r\n<p><span style=\"font-style: normal; color: #99cc00;\">\u2022\u00a0<\/span><\/p>\r\n<p style=\"text-align: left;\"><a href=\"http:\/\/divan.nu\/wp-content\/uploads\/2009\/09\/omslag_1-2-2015.jpeg\"><img loading=\"lazy\" decoding=\"async\" class=\"alignleft size-full wp-image-1001\" style=\"margin: 10px;\" title=\"omslag_1-2-2015\" src=\"http:\/\/divan.nu\/wp-content\/uploads\/2009\/09\/omslag_1-2-2015.jpeg\" alt=\"\" width=\"124\" height=\"144\" \/><\/a><em><strong>1 \u2013 2 2015 Politik<\/strong><strong><br \/><\/strong><\/em><span class=\"s1\">Lene Auestad: Talakter, upprepning, f\u00f6rnyelse. Cecilia Sj\u00f6holm om nyfascism och Adorno. Mara Lee: L\u00e5ngfredag. Sverre Varvin: Exil i fr\u00e4mlingsr\u00e4dslans och traumatiseringens skugga. Johan J\u00f6nson: En bukett liljekonvaljer. Stefan Jonsson: Efter individualiteten. Kerstin Vinterhed om Barnbyn Sk\u00e5.\u00a0Konst: Denise Gr\u00fcnstein, Sissel Wibom.\u00a0<\/span><a href=\"http:\/\/divan.nu\/wp-content\/uploads\/2015\/06\/inledning-1-2_2015.pdf\" target=\"_blank\" rel=\"noopener\">L\u00e4s<\/a><a href=\"http:\/\/divan.nu\/wp-content\/uploads\/2015\/06\/inledning-1-2_2015.pdf\" target=\"_blank\" rel=\"noopener\"> inledni<\/a><a href=\"http:\/\/divan.nu\/wp-content\/uploads\/2015\/06\/inledning-1-2_2015.pdf\" target=\"_blank\" rel=\"noopener\">ngen!<\/a><\/p>\r\n<p><span style=\"font-style: normal; color: #99cc00;\">\u2022\u00a0<\/span><\/p>\r\n<p style=\"text-align: left;\"><em><strong><a href=\"http:\/\/divan.nu\/wp-content\/uploads\/2009\/09\/omslag_webb.jpg\"><img loading=\"lazy\" decoding=\"async\" class=\"alignleft size-full wp-image-983\" style=\"margin-top: 10px; margin-bottom: 10px;\" title=\"omslag_webb\" src=\"http:\/\/divan.nu\/wp-content\/uploads\/2009\/09\/omslag_webb.jpg\" alt=\"\" width=\"133\" height=\"153\" srcset=\"https:\/\/divan.nu\/wp-content\/uploads\/2009\/09\/omslag_webb.jpg 2453w, https:\/\/divan.nu\/wp-content\/uploads\/2009\/09\/omslag_webb-130x150.jpg 130w, https:\/\/divan.nu\/wp-content\/uploads\/2009\/09\/omslag_webb-346x400.jpg 346w, https:\/\/divan.nu\/wp-content\/uploads\/2009\/09\/omslag_webb-887x1024.jpg 887w\" sizes=\"auto, (max-width: 133px) 100vw, 133px\" \/><\/a>3 \u2013 4 2014 Minne och fiktion <span style=\"color: #ff0000;\">SLUT<\/span><\/strong><strong><br \/><\/strong><\/em>Siri Hustvedt: Den verkliga ber\u00e4ttelsen. Eva L\u00f6wstedt: Dagboken \u2013 Minne och fiktion. Maaret Koskinen: Film, tid,\u00a0 minne. Christopher Bollas: Historiens funktioner. S\u00f8lvi Kristiansen: Marguerite Duras Hiroshima. Johan Redin: Ur Svindel\u00f6vningar. Walter Benjamin: Utgr\u00e4vning och minne. Johanna Ekstr\u00f6m: Balthus. Torbj\u00f6rn Elensky: Romantikens \u00e5ngest i livets hus. Konst: Balthus.\u00a0<a title=\"F\u00e4rord Divan 3-4 2014 Minne och fiktion\" href=\"http:\/\/divan.nu\/wp-content\/uploads\/2014\/12\/f\u00f6rord_webb.pdf\" target=\"_blank\" rel=\"noopener\">L\u00e4s<\/a><a title=\"F\u00e4rord Divan 3-4 2014 Minne och fiktion\" href=\"http:\/\/divan.nu\/wp-content\/uploads\/2014\/12\/f\u00f6rord_webb.pdf\" target=\"_blank\" rel=\"noopener\"> inlednin<\/a><a title=\"F\u00e4rord Divan 3-4 2014 Minne och fiktion\" href=\"http:\/\/divan.nu\/wp-content\/uploads\/2014\/12\/f\u00f6rord_webb.pdf\" target=\"_blank\" rel=\"noopener\">gen!<\/a><\/p>\r\n<p><span style=\"font-style: normal; color: #99cc00;\">\u2022\u00a0<\/span><\/p>\r\n<p style=\"text-align: left;\"><a href=\"http:\/\/divan.nu\/wp-content\/uploads\/2009\/09\/omslag_low.jpg\"><img loading=\"lazy\" decoding=\"async\" class=\"alignleft wp-image-898\" src=\"http:\/\/divan.nu\/wp-content\/uploads\/2009\/09\/omslag_low.jpg\" alt=\"\" width=\"125\" height=\"144\" srcset=\"https:\/\/divan.nu\/wp-content\/uploads\/2009\/09\/omslag_low.jpg 1184w, https:\/\/divan.nu\/wp-content\/uploads\/2009\/09\/omslag_low-130x150.jpg 130w, https:\/\/divan.nu\/wp-content\/uploads\/2009\/09\/omslag_low-347x400.jpg 347w, https:\/\/divan.nu\/wp-content\/uploads\/2009\/09\/omslag_low-890x1024.jpg 890w\" sizes=\"auto, (max-width: 125px) 100vw, 125px\" \/><\/a><\/p>\r\n<p style=\"text-align: left;\"><em><strong>1 \u2013 2 2014 Sanning<span style=\"color: #ff0000;\"><br \/><\/span><\/strong><\/em><span class=\"s1\">T. Foss: Sanningen, psykoanalysens hoppl\u00f6sa fall.\u00a0Ricoeur: om bevis i Freuds skrifter.\u00a0Ny dikt av Jenny Tunedal. Joel Backstr\u00f6m om Freuds antingen-eller.\u00a0Arne Jemstedt: Det sanna sj\u00e4lvet. H. Ruin:\u00a0Sanning och hermeneutik.\u00a0A. Mesterton; Josefsson, Norell och sanningen.\u00a0Leif Zern: Sanningen g\u00e5r p\u00e5 teater.\u00a0Konst:\u00a0Kristina Jansson,\u00a0Caravaggio m fl.\u00a0<\/span><a href=\"http:\/\/divan.nu\/wp-content\/uploads\/2014\/06\/inledning.pdf\">L\u00e4s<\/a><a href=\"http:\/\/divan.nu\/wp-content\/uploads\/2014\/06\/inledning.pdf\"> inledni<\/a><a href=\"http:\/\/divan.nu\/wp-content\/uploads\/2014\/06\/inledning.pdf\">ngen!<\/a><\/p>\r\n<p><span style=\"font-style: normal; color: #99cc00;\">\u2022\u00a0<\/span><\/p>\r\n<p style=\"text-align: left;\"><em><strong><a href=\"http:\/\/divan.nu\/wp-content\/uploads\/2009\/09\/omslag_divan_klar_Page_11.jpg\"><img loading=\"lazy\" decoding=\"async\" class=\"alignleft wp-image-900\" src=\"http:\/\/divan.nu\/wp-content\/uploads\/2009\/09\/omslag_divan_klar_Page_11.jpg\" alt=\"\" width=\"125\" height=\"145\" srcset=\"https:\/\/divan.nu\/wp-content\/uploads\/2009\/09\/omslag_divan_klar_Page_11.jpg 2444w, https:\/\/divan.nu\/wp-content\/uploads\/2009\/09\/omslag_divan_klar_Page_11-129x150.jpg 129w, https:\/\/divan.nu\/wp-content\/uploads\/2009\/09\/omslag_divan_klar_Page_11-344x400.jpg 344w, https:\/\/divan.nu\/wp-content\/uploads\/2009\/09\/omslag_divan_klar_Page_11-882x1024.jpg 882w\" sizes=\"auto, (max-width: 125px) 100vw, 125px\" \/><\/a>3 \u2013 4 2013 Sk\u00f6nhet<br \/><\/strong><\/em><span class=\"s1\">Hugo Damisch om\u00a0psykoanalys och sk\u00f6nhet.\u00a0Jeanette Winterson om konstens f\u00f6rem\u00e5l. Ess\u00e4 av Kristeva. Ny dikt av\u00a0Katarina Frostenson. Sch\u00fcldt tr\u00e4ffar P\u00e4rt.\u00a0Jan H\u00e5fstr\u00f6m: Grandma\u00b4s Travel in America.\u00a0J. Chasseguet-Smirgel: esteticism, skapande och perversion. En saga av\u00a0Mademoiselle de La Force.\u00a0S-O Wallenstein om\u00a0Adorno.\u00a0Konst:\u00a0Saul Leiter, Jan H\u00e5fstr\u00f6m m fl.\u00a0<\/span><a href=\"http:\/\/divan.nu\/wp-content\/uploads\/2009\/09\/Inledning-3-4-2013.pdf\" target=\"_blank\" rel=\"noopener\">L\u00e4s<\/a><a href=\"http:\/\/divan.nu\/wp-content\/uploads\/2009\/09\/Inledning-3-4-2013.pdf\" target=\"_blank\" rel=\"noopener\"> inledningen!<\/a><\/p>\r\n<p><span style=\"font-style: normal; color: #99cc00;\">\u2022\u00a0<\/span><\/p>\r\n<div style=\"text-align: left;\"><em style=\"font-size: 13px;\"><strong><a href=\"http:\/\/divan.nu\/wp-content\/uploads\/2013\/06\/Divan-1-2-2013-Libidons-klibbighet-omslag.jpg\"><img loading=\"lazy\" decoding=\"async\" class=\"size-medium wp-image-850 alignleft\" style=\"margin: 10px;\" title=\"00_omslag_1-2-2013_2.indd\" src=\"http:\/\/divan.nu\/wp-content\/uploads\/2013\/06\/Divan-1-2-2013-Libidons-klibbighet-omslag-346x400.jpg\" alt=\"\" width=\"124\" height=\"144\" srcset=\"https:\/\/divan.nu\/wp-content\/uploads\/2013\/06\/Divan-1-2-2013-Libidons-klibbighet-omslag-346x400.jpg 346w, https:\/\/divan.nu\/wp-content\/uploads\/2013\/06\/Divan-1-2-2013-Libidons-klibbighet-omslag-129x150.jpg 129w, https:\/\/divan.nu\/wp-content\/uploads\/2013\/06\/Divan-1-2-2013-Libidons-klibbighet-omslag.jpg 427w\" sizes=\"auto, (max-width: 124px) 100vw, 124px\" \/><\/a><\/strong><\/em><\/div>\r\n<p><em><strong>1 \u2013 2 2013 Libidons klibbighet<br \/><\/strong><\/em><span class=\"s1\">Karl Abraham: Om en s\u00e4rskild form av neurotiskt motst\u00e5nd mot den psykoanalytiska metoden. Jean Laplanche: Sexualbrottet. Elfriede Jelinek: Ur Babel. Boyan Manchev: Den nya Arachne: Mytens biopolitik och livets teknologier. Jonas Brun: Dikter. Sara Stridsberg: Was it ever love?<\/span><span class=\"s1\">\u00a0Konst: Sara-Vide Ericson m fl.\u00a0 <a href=\"http:\/\/divan.nu\/wp-content\/uploads\/2009\/09\/1-2-1013-Inledning-Libidons-klibbighet.pdf\">L\u00e4s inledningen!<\/a><\/span><\/p>\r\n<p><span style=\"font-style: normal; color: #99cc00;\">\u2022\u00a0<\/span><\/p>\r\n<p style=\"text-align: left;\"><a href=\"http:\/\/divan.nu\/wp-content\/uploads\/2009\/09\/Omslag_till-webben.jpg\"><img loading=\"lazy\" decoding=\"async\" class=\"alignleft size-full wp-image-830\" style=\"margin: 10px;\" title=\"Omslag\" src=\"http:\/\/divan.nu\/wp-content\/uploads\/2009\/09\/Omslag_till-webben.jpg\" alt=\"\" width=\"124\" height=\"144\" srcset=\"https:\/\/divan.nu\/wp-content\/uploads\/2009\/09\/Omslag_till-webben.jpg 427w, https:\/\/divan.nu\/wp-content\/uploads\/2009\/09\/Omslag_till-webben-129x150.jpg 129w, https:\/\/divan.nu\/wp-content\/uploads\/2009\/09\/Omslag_till-webben-346x400.jpg 346w\" sizes=\"auto, (max-width: 124px) 100vw, 124px\" \/><\/a><em><strong>3 \u2013 4 2012 \u00d6vers\u00e4ttning<br \/><\/strong><\/em><span class=\"s1\">Paul Ricoeur: \u00d6vers\u00e4ttandets trots och lycka. John Swedenmark om Paul Ricoeur. Nicholas Ray om f\u00f6rf\u00f6relse, mottaglighet och det \u201dfeminina\u201d.\u00a0 Vibeke Emond och Nina Weibull om Murakami. Judy Gammelgaard: Varf\u00f6r Dora f\u00f6rsvann. Marcia S\u00e1 C. Schuback: \u00d6vers\u00e4ttning och exil. Marie Lundquist, dikter. Och mer. Konst: Dag Notini, Koichi Kurita, Joseph Kosuth.\u00a0<\/span><a href=\"http:\/\/divan.nu\/wp-content\/uploads\/2009\/09\/0_inledning.pdf\">L\u00e4s inledningen!<\/a><\/p>\r\n<p><span style=\"font-style: normal; color: #99cc00;\">\u2022\u00a0<\/span><\/p>\r\n<p style=\"text-align: left;\"><em><strong><a href=\"http:\/\/divan.nu\/wp-content\/uploads\/2009\/09\/Omslag_1-2_12_web.jpg\"><img loading=\"lazy\" decoding=\"async\" class=\"alignleft wp-image-792\" src=\"http:\/\/divan.nu\/wp-content\/uploads\/2009\/09\/Omslag_1-2_12_web.jpg\" alt=\"\" width=\"125\" height=\"141\" srcset=\"https:\/\/divan.nu\/wp-content\/uploads\/2009\/09\/Omslag_1-2_12_web.jpg 1257w, https:\/\/divan.nu\/wp-content\/uploads\/2009\/09\/Omslag_1-2_12_web-133x150.jpg 133w, https:\/\/divan.nu\/wp-content\/uploads\/2009\/09\/Omslag_1-2_12_web-354x400.jpg 354w, https:\/\/divan.nu\/wp-content\/uploads\/2009\/09\/Omslag_1-2_12_web-908x1024.jpg 908w\" sizes=\"auto, (max-width: 125px) 100vw, 125px\" \/><\/a>1 \u2013 2 2012 Manlighet<\/strong><strong><br \/><\/strong><\/em><span class=\"s1\">J. Schaeffer: Bortom den falliska dimensionen. R. R. Greenson: Avidentifikation fr\u00e5n modern. Gunnar Karlsson: maskuliniteten som projekt. Tiina Rosenberg om kvinnomaskulinitet. Eva-Stina Byggm\u00e4star: Ny dikt. Daniela Prawitz: mannen i ett psykoanalytiskt perspektiv. Ny text av Jens Liljestrand. Konst: Lars Nilsson, M\u00e5rten Medbo, Ann Fr\u00f6ss\u00e9n, Trine S\u00f8ndergaard, Nicolai Howal.\u00a0<\/span><a href=\"http:\/\/divan.nu\/wp-content\/uploads\/2012\/06\/inledning-1-2-2012.pdf\">L\u00e4s inledningen<\/a><\/p>\r\n<p><span style=\"font-style: normal; color: #99cc00;\">\u2022\u00a0<\/span><\/p>\r\n<p style=\"text-align: left;\"><em><strong><a href=\"http:\/\/divan.nu\/wp-content\/uploads\/2009\/09\/Divan_omslag1-2-2011.jpg\"><img loading=\"lazy\" decoding=\"async\" class=\"alignleft wp-image-757\" src=\"http:\/\/divan.nu\/wp-content\/uploads\/2009\/09\/Divan_omslag1-2-2011.jpg\" alt=\"\" width=\"125\" height=\"142\" srcset=\"https:\/\/divan.nu\/wp-content\/uploads\/2009\/09\/Divan_omslag1-2-2011.jpg 2504w, https:\/\/divan.nu\/wp-content\/uploads\/2009\/09\/Divan_omslag1-2-2011-132x150.jpg 132w, https:\/\/divan.nu\/wp-content\/uploads\/2009\/09\/Divan_omslag1-2-2011-352x400.jpg 352w, https:\/\/divan.nu\/wp-content\/uploads\/2009\/09\/Divan_omslag1-2-2011-901x1024.jpg 901w\" sizes=\"auto, (max-width: 125px) 100vw, 125px\" \/><\/a>3 \u2013 4 2011 Konfidentialitet\u00a0<span style=\"color: #ff0000;\">SLUT<\/span><\/strong><strong><br \/><\/strong><\/em><span class=\"s1\">T. Foss om sinnets in\u00e5tv\u00e4ndhet. C. Bollas till konfidentialitetens f\u00f6rsvar. Karin Johannisson: Hemligheter och l\u00f6nnfack. Sara Mannheimer, brev till Knausg\u00e5rd. G\u00f6ran Torrkulla: att bevara ett f\u00f6rtroende. Anna Potamianou: vid passionens korsv\u00e4gar. Ogden om psykoanalytiskt skrivande. G. Karlsson: evidensbegreppet. Konst: Helena Mutanen, Annika von Hausswolf, Hillevi Berglund<i>.\u00a0<\/i><\/span><a href=\"http:\/\/divan.nu\/wp-content\/uploads\/2009\/09\/inledning_3-4_2011.pdf\">L\u00e4s inledningen<\/a><\/p>\r\n<p><span style=\"font-style: normal; color: #99cc00;\">\u2022\u00a0<\/span><\/p>\r\n<p><em>\u00a0<\/em><strong><a href=\"http:\/\/divan.nu\/wp-content\/uploads\/2009\/09\/omslag_1-2-2011webb.jpg\"><img loading=\"lazy\" decoding=\"async\" class=\"alignleft size-full wp-image-753\" style=\"margin: 10px;\" title=\"omslag_1-2-2011webb\" src=\"http:\/\/divan.nu\/wp-content\/uploads\/2009\/09\/omslag_1-2-2011webb.jpg\" alt=\"\" width=\"124\" height=\"144\" srcset=\"https:\/\/divan.nu\/wp-content\/uploads\/2009\/09\/omslag_1-2-2011webb.jpg 400w, https:\/\/divan.nu\/wp-content\/uploads\/2009\/09\/omslag_1-2-2011webb-128x150.jpg 128w, https:\/\/divan.nu\/wp-content\/uploads\/2009\/09\/omslag_1-2-2011webb-341x400.jpg 341w\" sizes=\"auto, (max-width: 124px) 100vw, 124px\" \/><\/a><em>1 \u2013 2 2011 Mystik + Inkr\u00e4ktaren av J-L Nancy<br \/><\/em><\/strong><span class=\"s1\">W. R. Bion: O, omvandlingar av det guddomliga. Magnus William-Olsson: Anteckningar om kroppen. Aase Berg: Om\u00f6jligheten att leva i nuet. Jan B\u00e4rmark om mystik och buddhism. Klas Hagren om Abidhamma.\u00a0Kate Larsson: Naturen<i><em><img loading=\"lazy\" decoding=\"async\" class=\"wp-image-727 alignright\" style=\"margin: 5px 10px;\" title=\"S\u008artryck\" src=\"http:\/\/divan.nu\/wp-content\/uploads\/2009\/09\/INKRA%CC%88KTAREN_omslag.jpg\" alt=\"\" width=\"135\" height=\"154\" \/><\/em><\/i> \u00e4lskar att d\u00f6lja sig.<i> <\/i>Kristian Lundberg: Dikter. Anders Olsson: Diwanism. David Titelman om sj\u00e4lvmordsn\u00e4rhet.\u00a0<\/span><span class=\"s1\">Konst: Birgitta Silfverhielm, Joakim Eneroth.\u00a0<\/span>\u00a0<a href=\"http:\/\/divan.nu\/wp-content\/uploads\/2011\/12\/inledning_1-22011.pdf\">L\u00e4s inledningen!<\/a><br \/><em>Utg\u00e5van inkluderar ett s\u00e4rtryck av\u00a0 Jean-Luc Nancys ess\u00e4 Inkr\u00e4ktaren, f.f. g\u00e5ngen p\u00e5 svenska och med ett nyskrivet till\u00e4gg av f\u00f6rfattaren.<\/em><\/p>\r\n<p><span style=\"font-style: normal; color: #99cc00;\">\u2022\u00a0<\/span><\/p>\r\n<div style=\"text-align: left;\">\r\n<p style=\"text-align: left;\"><a href=\"http:\/\/divan.nu\/wp-content\/uploads\/2009\/09\/omslag_3_4_20101.jpg\"><img loading=\"lazy\" decoding=\"async\" class=\"alignleft size-full wp-image-668\" style=\"margin: 10px;\" title=\"omslag 3-4 2010 LITEN\" src=\"http:\/\/divan.nu\/wp-content\/uploads\/2009\/09\/omslag_3_4_20101.jpg\" alt=\"\" width=\"124\" height=\"144\" \/><\/a><\/p>\r\n<p style=\"text-align: left;\"><strong><em>3 \u2013 4 2010 Gl\u00e4dje<br \/><\/em><\/strong><span class=\"s1\">C. Bollas om gl\u00e4dje. M. S\u00e1 Cavalcante Schuback: F\u00f6r en gl\u00e4djens filosofi. Johan Beck-Friis om gl\u00e4djeprocesser. Daniel Sibony: Gl\u00e4djens skratt. Carin Franz\u00e9n om k\u00e4rlekens gl\u00e4dje. Oliver Parland: Sven-David Sandstr\u00f6ms Messiah. Maria Yassa om Ninni, Birgit Nilsson och skrattet. Ronald Britton: humorn och \u00f6verjaget, Lilian Munk R\u00f6sing om von Triers Antikrist. Konst: Curt Asker\u00a0<\/span><a href=\"http:\/\/divan.nu\/wp-content\/uploads\/2009\/09\/3-4-10-inledning.pdf\" target=\"_blank\" rel=\"noopener\">L\u00e4s<\/a><a href=\"http:\/\/divan.nu\/wp-content\/uploads\/2009\/09\/3-4-10-inledning.pdf\" target=\"_blank\" rel=\"noopener\"> inledningen<\/a><\/p>\r\n<p><span style=\"font-style: normal; color: #99cc00;\">\u2022\u00a0<\/span><\/p>\r\n<p><em><strong><img loading=\"lazy\" decoding=\"async\" class=\"size-full wp-image-624 alignleft\" style=\"margin: 10px;\" title=\"omslag 1-2 2010 mindre\" src=\"http:\/\/divan.nu\/wp-content\/uploads\/2009\/09\/omslag-2010-1-2-liten.jpg\" alt=\"\" width=\"124\" height=\"144\" srcset=\"https:\/\/divan.nu\/wp-content\/uploads\/2009\/09\/omslag-2010-1-2-liten.jpg 512w, https:\/\/divan.nu\/wp-content\/uploads\/2009\/09\/omslag-2010-1-2-liten-129x150.jpg 129w, https:\/\/divan.nu\/wp-content\/uploads\/2009\/09\/omslag-2010-1-2-liten-346x400.jpg 346w\" sizes=\"auto, (max-width: 124px) 100vw, 124px\" \/>1 \u2013 2 2010 Motst\u00e5nd<\/strong><strong><br \/><\/strong><\/em><span class=\"s1\">Freud om motst\u00e5ndet mot psykoanalysen. J. Eriksson om vetenskapskultur. Edda Manga: Psykoanalys och politik. H\u00e5kan Svenbro: Att f\u00f6rkorta sj\u00e4len. Annika Hirdman K\u00fcnstlischer om att st\u00e5 ut med det ok\u00e4nda. UKON, Clarence Crafoord, Nina Weibull: fr\u00e5n Divans 20-\u00e5rsjubileum.\u00a0<\/span><a href=\"http:\/\/divan.nu\/wp-content\/uploads\/2009\/09\/1-2-10-inledning.pdf\" target=\"_blank\" rel=\"noopener\">L\u00e4s inledningen!<\/a><\/p>\r\n<p><span style=\"font-style: normal; color: #99cc00;\">\u2022\u00a0<\/span><\/p>\r\n<p><em style=\"font-size: 1em; font-weight: normal;\"><em style=\"font-size: 1em; font-weight: normal;\"><strong>3 \u2013 4 2009 \u00c5tr\u00e5<\/strong><\/em><strong><img loading=\"lazy\" decoding=\"async\" class=\"alignleft wp-image-410\" style=\"margin: 10px;\" title=\"Omslag 3-4 03\" src=\"http:\/\/divan.nu\/wp-content\/uploads\/2009\/12\/omslag_skiss_3-4-09--129x150.jpg\" alt=\"\" width=\"125\" height=\"145\" srcset=\"https:\/\/divan.nu\/wp-content\/uploads\/2009\/12\/omslag_skiss_3-4-09--129x150.jpg 129w, https:\/\/divan.nu\/wp-content\/uploads\/2009\/12\/omslag_skiss_3-4-09--345x400.jpg 345w, https:\/\/divan.nu\/wp-content\/uploads\/2009\/12\/omslag_skiss_3-4-09--884x1024.jpg 884w, https:\/\/divan.nu\/wp-content\/uploads\/2009\/12\/omslag_skiss_3-4-09-.jpg 1221w\" sizes=\"auto, (max-width: 125px) 100vw, 125px\" \/><\/strong><\/em><br \/>Freud om nedv\u00e4rdering inom k\u00e4rlekslivet. Louise Ramsby: Lidandets outgrundliga tr\u00e4ngtan. ClarenceCrafoord: K\u00e4rlekens villosp\u00e5r. Stoller: Sexuell upphetsning. Carin Franzen om Margareta av Navarra. Nina Weibull om Max. W. Svanberg, Helena H\u00f6rstedt och erotiserad kvinnlighet<em style=\"font-size: 1em; font-weight: normal;\">.\u00a0<\/em><a style=\"font-weight: normal;\" href=\"..\/wp-content\/uploads\/2009\/09\/00-inledning-34-09.pdf\" target=\"_blank\" rel=\"noopener\">L\u00e4s inledningen!<\/a><\/p>\r\n<p><span style=\"font-style: normal; color: #99cc00;\">\u2022\u00a0<\/span><\/p>\r\n<p style=\"text-align: left;\"><em><a href=\"http:\/\/divan.nu\/wp-content\/uploads\/2019\/05\/divan-1-2-2009-FIXAT.jpg\"><img loading=\"lazy\" decoding=\"async\" class=\"alignleft size-full wp-image-1250\" src=\"http:\/\/divan.nu\/wp-content\/uploads\/2019\/05\/divan-1-2-2009-FIXAT.jpg\" alt=\"\" width=\"125\" height=\"144\" \/><\/a><strong>1 \u2013 2 2009 Det auktorit\u00e4ra<br \/><\/strong><\/em><span class=\"s1\">Om fenomenologi och psykoanalys. Freud och samh\u00e4llsforskningen. Theodore Adorno: Den reviderade psykoanalysen. Antigone och Autonomiprojektet. Nya dikter av Eva Ribbich. Samtal: Nu m\u00e5ste vi l\u00e4ra barn att inte lyda<i>. <\/i>Jesper Juul om Metoder f\u00f6r f\u00f6r\u00e4ldraskap.\u00a0\u00a0<\/span><a href=\"..\/wp-content\/uploads\/2009\/11\/inledning_divan_1-209.pdf\" target=\"_blank\" rel=\"noopener\">L\u00e4s<\/a><a href=\"..\/wp-content\/uploads\/2009\/11\/inledning_divan_1-209.pdf\" target=\"_blank\" rel=\"noopener\"> inledningen!<\/a><\/p>\r\n<p><span style=\"font-style: normal; color: #99cc00;\">\u2022\u00a0<\/span><\/p>\r\n<p><strong><em><a href=\"http:\/\/divan.nu\/wp-content\/uploads\/2009\/09\/DIVAN-3-4-OmslagOKOK.jpg\"><img loading=\"lazy\" decoding=\"async\" class=\"alignleft wp-image-407\" src=\"http:\/\/divan.nu\/wp-content\/uploads\/2009\/09\/DIVAN-3-4-OmslagOKOK.jpg\" alt=\"\" width=\"130\" height=\"130\" \/><\/a>3 \u2013 4 2008 Kropp k\u00f6n subjekt<\/em><\/strong><strong><em><br \/><\/em><\/strong><span class=\"s1\">Jessica Benjamin: Dekonstruktion av kvinnligheten.<\/span> <span class=\"s1\">K\u00e4rlekens paradox, homosexualitet; sp\u00e4dbarnsobservation. Sophie Calle och verket <i>Prenez soin de vous<\/i>. S. Skog m\u00f6ter Nathalia Edenmont. Det Kusliga. Dikt av Eva Runefeldt. Konst: Calle, Edenmont, Madeleine Hatz, \u00c5sa Jungnelius<\/span><em>\u00a0<\/em><a href=\"..\/wp-content\/uploads\/2009\/11\/Inledning_divan__3-4_2008.pdf\" target=\"_blank\" rel=\"noopener\">L\u00e4s<\/a><a href=\"..\/wp-content\/uploads\/2009\/11\/Inledning_divan__3-4_2008.pdf\" target=\"_blank\" rel=\"noopener\"> inledning!<\/a><\/p>\r\n<p><span style=\"font-style: normal; color: #99cc00;\">\u2022\u00a0<\/span><\/p>\r\n<p><strong><em><a href=\"http:\/\/divan.nu\/wp-content\/uploads\/2009\/09\/1-2_08.jpg\"><img loading=\"lazy\" decoding=\"async\" class=\"size-full wp-image-17 alignleft\" style=\"margin: 10px 10px;\" title=\"1-2_08\" src=\"http:\/\/divan.nu\/wp-content\/uploads\/2009\/09\/1-2_08.jpg\" alt=\"\" width=\"124\" height=\"144\" \/><\/a>1 \u2013 2 2008 Illusioner<br \/><\/em><\/strong>Illusioner om det inre. Maurice Merleau-Ponty och gestaltteorin.\u00a0Veronese och Leonora Carrington. Bl\u00e4ckplumpen.\u00a0Om v\u00e5rt n\u00f6dv\u00e4ndiga g\u00e4ckeri. Sk\u00e5despelaren och postdramatiken. Kaleidoskop och praxinoskop.\u00a0Numret inneh\u00e5ller en serie originalbildverk av Ebba Matz.\u00a0<a href=\"http:\/\/divan.nu\/wp-content\/uploads\/2009\/11\/00-inledning_1-2_2008.pdf\" target=\"_blank\" rel=\"noopener\">L\u00e4s<\/a><a href=\"http:\/\/divan.nu\/wp-content\/uploads\/2009\/11\/00-inledning_1-2_2008.pdf\" target=\"_blank\" rel=\"noopener\"> inledningen!<\/a><\/p>\r\n<p><span style=\"font-style: normal; color: #99cc00;\">\u2022\u00a0<\/span><\/p>\r\n<\/div>\r\n<div style=\"text-align: left;\"><strong><em><a href=\"http:\/\/divan.nu\/wp-content\/uploads\/2009\/09\/3-4_07.jpg\"><img loading=\"lazy\" decoding=\"async\" class=\"size-full wp-image-26 alignleft\" style=\"margin: 10px;\" title=\"3-4_07\" src=\"http:\/\/divan.nu\/wp-content\/uploads\/2009\/09\/3-4_07.jpg\" alt=\"\" width=\"124\" height=\"144\" \/><\/a>3 \u2013 4 2007\u00a0 Psykoanalys och evidens<\/em><br \/><\/strong>Kants f\u00f6rnuftiga monolog. J\u00e4ttehavssnigeln Aplysia. Filmbilden: evident eller efem\u00e4r?<br \/>Don Giovanni.<br \/>Svaret \u00e4r m\u00e4nniskan. Bilder av Lucian Freud.<\/div>\r\n<div style=\"text-align: left;\">\u00a0<a href=\"http:\/\/divan.nu\/wp-content\/uploads\/2009\/11\/00-inledning_3-407.pdf\" target=\"_blank\" rel=\"noopener\">L\u00e4s inledningen!<\/a><\/div>\r\n<div style=\"text-align: left;\">\r\n<div style=\"text-align: left;\">\r\n<p><span style=\"font-style: normal; color: #99cc00;\">\u2022\u00a0<\/span><\/p>\r\n<\/div>\r\n<\/div>\r\n<div style=\"text-align: left;\"><strong><em><a href=\"http:\/\/divan.nu\/wp-content\/uploads\/2009\/09\/1-2_07.jpg\"><img loading=\"lazy\" decoding=\"async\" class=\"alignleft wp-image-16\" style=\"margin: 10px;\" title=\"1-2_07\" src=\"http:\/\/divan.nu\/wp-content\/uploads\/2009\/09\/1-2_07.jpg\" alt=\"\" width=\"124\" height=\"144\" \/><\/a><\/em><\/strong><\/div>\r\n<div style=\"text-align: left;\"><strong><em>1 \u2013 2 2007<\/em><\/strong><em><strong> Tolkning <span style=\"color: #ff0000;\">SLUT<\/span><br \/><\/strong><\/em>Om Freuds evolutionsfantasi.<\/div>\r\n<div style=\"text-align: left;\">Om det n\u00e4rvarande och fr\u00e5nvarande objektet.<\/div>\r\n<div style=\"text-align: left;\">Thomas Mann om Freud och den moderna id\u00e9historien.<br \/>Nelly Sachs: dikter.<br \/>Konst av Oskar Kokoschka.<\/div>\r\n<div>\r\n<div style=\"text-align: left;\">\r\n<p><span style=\"font-style: normal; color: #99cc00;\">\u2022\u00a0<\/span><\/p>\r\n<\/div>\r\n<\/div>\r\n<div><em style=\"font-size: 1em; font-weight: normal;\"><strong>1 \u2013 2 2006 K\u00e4rlek<\/strong><strong><img loading=\"lazy\" decoding=\"async\" class=\"wp-image-15 alignleft\" style=\"margin: 10px;\" title=\"1-2_06\" src=\"http:\/\/divan.nu\/wp-content\/uploads\/2009\/09\/1-2_06.jpg\" alt=\"\" width=\"126\" height=\"149\" srcset=\"https:\/\/divan.nu\/wp-content\/uploads\/2009\/09\/1-2_06.jpg 300w, https:\/\/divan.nu\/wp-content\/uploads\/2009\/09\/1-2_06-253x300.jpg 253w\" sizes=\"auto, (max-width: 126px) 100vw, 126px\" \/><br \/><\/strong><\/em>K\u00f6nets kris, k\u00e4rlek inom \u00e4ktenskapet,<br \/>inom ramen f\u00f6r \u00f6verf\u00f6ringen,<br \/>k\u00e4rlek till f\u00f6rebilderna, k\u00e4rleksbrev och k\u00e4rleksbegreppets id\u00e9historia.<br \/>Bilder av Mikael Olofsson.<br \/><a href=\"http:\/\/divan.nu\/wp-content\/uploads\/2009\/09\/1-2-06-inledning.pdf\" rel=\"noopener\">L\u00e4s<\/a><a href=\"http:\/\/divan.nu\/wp-content\/uploads\/2009\/09\/1-2-06-inledning.pdf\" target=\"_blank\" rel=\"noopener\"> inlednin<\/a><a href=\"http:\/\/divan.nu\/wp-content\/uploads\/2009\/09\/1-2-06-inledning.pdf\" target=\"_blank\" rel=\"noopener\">gen!<\/a><\/div>\r\n<div>\r\n<div style=\"text-align: left;\">\r\n<p><span style=\"font-style: normal; color: #99cc00;\">\u2022\u00a0<\/span><span style=\"color: #99cc00;\">\u00a0<\/span><\/p>\r\n<\/div>\r\n<\/div>\r\n<div style=\"text-align: left;\"><em><strong><a href=\"http:\/\/divan.nu\/wp-content\/uploads\/2009\/09\/3-4_06.jpg\"><img loading=\"lazy\" decoding=\"async\" class=\"wp-image-953 alignleft\" style=\"margin: 10px;\" title=\"3-4_06\" src=\"http:\/\/divan.nu\/wp-content\/uploads\/2009\/09\/3-4_06.jpg\" alt=\"\" width=\"124\" height=\"144\" \/><\/a><\/strong><\/em><em><strong>3 \u2013 4 2006\u00a0 Freud<br \/><\/strong><\/em>Freud om Dostojevskij och fadermordet. Jacques Lacan. Divanen som verktyg.<br \/>Sara Danius om Freuds teknologiska metaforer. Freud i dagens psyckoanalytiska praktik.<br \/>Bild: Shelbourne Thurber, Analytic Interiors.\u00a0<a href=\"http:\/\/divan.nu\/wp-content\/uploads\/2009\/09\/3-4-06-inledning.pdf\" target=\"_blank\" rel=\"noopener\">L\u00e4s<\/a><a href=\"http:\/\/divan.nu\/wp-content\/uploads\/2009\/09\/3-4-06-inledning.pdf\" target=\"_blank\" rel=\"noopener\"> inle<\/a><a href=\"http:\/\/divan.nu\/wp-content\/uploads\/2009\/09\/3-4-06-inledning.pdf\" target=\"_blank\" rel=\"noopener\">dningen!<\/a><strong><strong><em><span style=\"color: #ffffff;\">.<\/span><\/em><\/strong><\/strong><\/div>\r\n<div>\u00a0<\/div>\r\n<div>\r\n<div style=\"text-align: left;\">\r\n<p><span style=\"font-style: normal; color: #99cc00;\">\u2022\u00a0<\/span><\/p>\r\n<\/div>\r\n<\/div>\r\n<div><strong style=\"font-size: 1em;\"><em>1 \u2013 2 2005\u00a0 Freuds Bar III<strong><a href=\"http:\/\/divan.nu\/wp-content\/uploads\/2009\/09\/freudbar_03.jpg\"><img loading=\"lazy\" decoding=\"async\" class=\"alignleft wp-image-31\" style=\"margin: 10px;\" title=\"freudbar_03\" src=\"http:\/\/divan.nu\/wp-content\/uploads\/2009\/09\/freudbar_03.jpg\" alt=\"\" width=\"124\" height=\"144\" srcset=\"https:\/\/divan.nu\/wp-content\/uploads\/2009\/09\/freudbar_03.jpg 406w, https:\/\/divan.nu\/wp-content\/uploads\/2009\/09\/freudbar_03-260x300.jpg 260w\" sizes=\"auto, (max-width: 124px) 100vw, 124px\" \/><\/a><\/strong><br \/><\/em><\/strong><span class=\"s1\">Freuds bar var ett succ\u00e9artat evenemang med f\u00f6redrag, diskussioner och tilltugg p\u00e5 S\u00f6dra Teaterns k\u00e4gelbana. Inneh\u00e5llet best\u00e5r av texter fr\u00e5n Freuds bar:<br \/>Presentationer av Freud och melankoli,<br \/>Amerika, Oidipus, dr\u00f6mmarna, spr\u00e5ket, tv\u00e5nget och Bollas.<\/span><\/div>\r\n<div>\u00a0<\/div>\r\n<div>\r\n<div style=\"text-align: left;\">\r\n<p><span style=\"font-style: normal; color: #99cc00;\">\u2022\u00a0<\/span><\/p>\r\n<\/div>\r\n<\/div>\r\n<div>\r\n<p><strong><a href=\"http:\/\/divan.nu\/wp-content\/uploads\/2009\/09\/3-4_05.jpg\"><img loading=\"lazy\" decoding=\"async\" class=\"alignleft size-full wp-image-954\" style=\"margin: 10px;\" title=\"3-4_05\" src=\"http:\/\/divan.nu\/wp-content\/uploads\/2009\/09\/3-4_05.jpg\" alt=\"\" width=\"124\" height=\"144\" \/><\/a><\/strong><strong>3 \u2013 4<em> 2005 Projektion<br \/><\/em><\/strong><span class=\"s1\">K\u00f6pmannen i Venedig, samtal med Mats Ek. Meltzer. Om Christine Falkenland och Siri Hustvedt. Jurgen Reeder om psykoanalysens tredje epok. Voyeuristiska fotografier av Mikael Lundberg.<br \/><\/span><a href=\"http:\/\/divan.nu\/wp-content\/uploads\/2009\/09\/3-4-05-inledning.pdf\" target=\"_blank\" rel=\"noopener\">L\u00e4s<\/a><a href=\"http:\/\/divan.nu\/wp-content\/uploads\/2009\/09\/3-4-05-inledning.pdf\" target=\"_blank\" rel=\"noopener\"> inledningen!<\/a><\/p>\r\n<p><span style=\"font-style: normal; color: #99cc00;\">\u2022\u00a0<\/span><\/p>\r\n<p><strong><a href=\"http:\/\/divan.nu\/wp-content\/uploads\/2009\/09\/1-2_05.jpg\"><img loading=\"lazy\" decoding=\"async\" class=\"alignleft wp-image-13\" style=\"margin: 10px;\" title=\"1-2_04\" src=\"http:\/\/divan.nu\/wp-content\/uploads\/2009\/09\/1-2_05.jpg\" alt=\"\" width=\"124\" height=\"144\" \/><\/a><\/strong><em><strong>1 \u2013 2 2004 Psykoanalys och tro <span style=\"color: #ff0000;\">SLUT<\/span><\/strong><strong><br \/><\/strong><\/em>L\u00e5ngess\u00e4 av Julia Kristeva. Ess\u00e4er om Freud, den kastrerade gudomen, Paulus, Schartau och Lars von Trier. Ronald Britton l\u00e4ser Rilke, och Mara Lee. V\u00e5ldsamma f\u00f6rfattare som Houellebec, U.K.O.N och Duras. Bilder av Jean Babtiste B\u00e9ranger.<br \/><a href=\"http:\/\/divan.nu\/wp-content\/uploads\/2009\/09\/1-2-04-inledning.pdf\" target=\"_blank\" rel=\"noopener\">L\u00e4s inledningen!<\/a><\/p>\r\n<p><span style=\"font-style: normal; color: #99cc00;\">\u2022\u00a0<\/span><\/p>\r\n<p><a href=\"http:\/\/divan.nu\/wp-content\/uploads\/2009\/09\/freudbar_04NY.jpg\"><img loading=\"lazy\" decoding=\"async\" class=\"alignleft size-full wp-image-256\" src=\"http:\/\/divan.nu\/wp-content\/uploads\/2009\/09\/freudbar_04NY.jpg\" alt=\"\" width=\"150\" height=\"150\" \/><\/a><\/p>\r\n<p><em><strong>2004\u00a0 Freuds bar II<\/strong><span style=\"color: #ff0000;\"><strong><br \/><\/strong><\/span><\/em><span class=\"s1\">Freuds bar var ett succ\u00e9artat &#8211; och \u00e5terkommande &#8211; evenemang med f\u00f6redrag, diskussioner och tilltugg p\u00e5 S\u00f6dra Teaterns k\u00e4gelbana.\u00a0Detta nummer av Divan inneh\u00e5ller klassiska och\u00a0moderna psykoanalytiska t\u00e4nkare fr\u00e5n andra \u00e5ret p\u00e5 S\u00f6dra teatern.<\/span><\/p>\r\n<p><span style=\"font-style: normal; color: #99cc00;\">\u2022\u00a0<\/span><\/p>\r\n<p><a href=\"http:\/\/divan.nu\/wp-content\/uploads\/2009\/09\/1-2_03.jpg\"><img loading=\"lazy\" decoding=\"async\" class=\"alignleft wp-image-12\" src=\"http:\/\/divan.nu\/wp-content\/uploads\/2009\/09\/1-2_03.jpg\" alt=\"\" width=\"124\" height=\"139\" srcset=\"https:\/\/divan.nu\/wp-content\/uploads\/2009\/09\/1-2_03.jpg 300w, https:\/\/divan.nu\/wp-content\/uploads\/2009\/09\/1-2_03-267x300.jpg 267w\" sizes=\"auto, (max-width: 124px) 100vw, 124px\" \/><\/a><\/p>\r\n<p><em><strong>1 \u2013 2 2003\u00a0 Det omedvetna\u00a0<span style=\"color: #000000;\"><span style=\"color: #ff0000;\">SLUT<\/span><\/span><\/strong><\/em><strong><span style=\"color: #ff0000;\"><br \/><\/span><\/strong><span class=\"s1\">Om det omedvetna hos Freud och Lacan, och hos Ingmar Bergman, Kjell Grede och Erik Beckman. Om det omedvetnas universum och Bortom lustprincipen.<br \/><\/span><span class=\"s1\"> Konst av Karin Granqvist och Katti Nilz\u00e9n.<br \/><\/span><a href=\"http:\/\/divan.nu\/wp-content\/uploads\/2009\/09\/1-2-03-inledning.pdf\" rel=\"noopener\">L\u00e4s inledningen!<\/a><\/p>\r\n<\/div>\r\n<p><span style=\"font-style: normal; color: #99cc00;\">\u2022\u00a0<\/span><\/p>\r\n<div>\r\n<p><strong><a href=\"http:\/\/divan.nu\/wp-content\/uploads\/2009\/09\/3-4_03.jpg\"><img loading=\"lazy\" decoding=\"async\" class=\"alignleft wp-image-952\" style=\"margin: 10px;\" title=\"3-4_03\" src=\"http:\/\/divan.nu\/wp-content\/uploads\/2009\/09\/3-4_03.jpg\" alt=\"\" width=\"124\" height=\"144\" \/><\/a><\/strong><\/p>\r\n<p><em style=\"font-size: 1em; font-weight: normal;\"><strong><br \/>3-4 2003 Litteratur och Psykoanalys<br \/><\/strong><\/em><span class=\"s1\">Detta nummer av Divan inneh\u00e5ller texter av och ess\u00e4er om en l\u00e5ng rad klassiska och samtida f\u00f6rfattare. Bland dessa: Rainer Maria Rilke, Samuel Beckett, Slas, Moli\u00e8re och Frostenson. Dikter: Marie Silkeberg. Bilder av\u00a0 J. Sundkvist.<\/span><\/p>\r\n<p><span style=\"font-style: normal; color: #99cc00;\">\u2022\u00a0<\/span><\/p>\r\n<p><strong><a href=\"http:\/\/divan.nu\/wp-content\/uploads\/2009\/09\/1-2_02.jpg\"><img loading=\"lazy\" decoding=\"async\" class=\"alignleft wp-image-957\" style=\"margin: 10px;\" title=\"1-2_02\" src=\"http:\/\/divan.nu\/wp-content\/uploads\/2009\/09\/1-2_02.jpg\" alt=\"\" width=\"124\" height=\"144\" srcset=\"https:\/\/divan.nu\/wp-content\/uploads\/2009\/09\/1-2_02.jpg 157w, https:\/\/divan.nu\/wp-content\/uploads\/2009\/09\/1-2_02-130x150.jpg 130w\" sizes=\"auto, (max-width: 124px) 100vw, 124px\" \/><\/a><em>1 \u2013 2 2002 Feminism <span style=\"color: #ff0000;\">SLUT<\/span><\/em><\/strong><strong><em><br \/><\/em><\/strong><span class=\"s1\">Simone de Beauvoir: Det andra k\u00f6net, Kristeva: kvinnligt genius, Moi: Anatomi som \u00f6de, Sj\u00f6holm: Antigonekomplexet, Benjamin: likhet och skillnad, Mesterton: Spielrein, Mitchell: tusen\u00e5rsskiftet,<br \/>Isaak: Speros subversiva skratt.<\/span><\/p>\r\n<p><span style=\"font-style: normal; color: #99cc00;\">\u2022\u00a0<\/span><\/p>\r\n<p><a href=\"http:\/\/divan.nu\/wp-content\/uploads\/2009\/09\/freudbar_03.jpg\"><img loading=\"lazy\" decoding=\"async\" class=\"alignleft wp-image-31\" style=\"margin: 10px;\" title=\"freudbar_03\" src=\"http:\/\/divan.nu\/wp-content\/uploads\/2009\/09\/freudbar_03.jpg\" alt=\"\" width=\"126\" height=\"145\" srcset=\"https:\/\/divan.nu\/wp-content\/uploads\/2009\/09\/freudbar_03.jpg 406w, https:\/\/divan.nu\/wp-content\/uploads\/2009\/09\/freudbar_03-260x300.jpg 260w\" sizes=\"auto, (max-width: 126px) 100vw, 126px\" \/><\/a><\/p>\r\n<p style=\"text-align: left;\"><em><strong>Freuds bar I<\/strong><\/em><strong><em> 2002<\/em><\/strong><em> (gavs ut tills. med 3 \u2013 4 2002)<span style=\"color: #ff0000;\"><br \/><\/span><\/em><span class=\"s1\"><em>&#8221;<\/em>Jag ser verkligen fram mot att f\u00e5 h\u00f6ra vad jag har att s\u00e4ga ikv\u00e4ll.\u201d Alla f\u00f6redragen fr\u00e5n den f\u00f6rsta terminen samlade i ett extranummer! Detta nummer av Divan inneh\u00e5ller introduktioner till Freud, Klein, Bion, Lacan, Winnicott, Andreas-Salom\u00e9, Fromm och Anzieu.<\/span><\/p>\r\n<p><span style=\"font-style: normal; color: #99cc00;\">\u2022\u00a0<\/span><\/p>\r\n<h4><a href=\"http:\/\/divan.nu\/wp-content\/uploads\/2009\/09\/3-4_02NY.jpg\"><img loading=\"lazy\" decoding=\"async\" class=\"alignleft wp-image-263\" src=\"http:\/\/divan.nu\/wp-content\/uploads\/2009\/09\/3-4_02NY.jpg\" alt=\"\" width=\"145\" height=\"145\" \/><\/a><\/h4>\r\n<p style=\"text-align: left;\"><strong style=\"font-size: 1em;\"><em>3 \u2013 4 2002 Intimitet<\/em><\/strong><strong style=\"font-size: 1em;\"><em><br \/><\/em><\/strong><span class=\"s1\">Reverie och metafor. Ogden om analysrummets intimitet. Mikael Azar om bek\u00e4nnelser och k\u00e4rleksbrev. Joseph Leo Koerner om D\u00fcrers kuddar. K\u00f6nets fall &#8211; Ett etiskt manifest.\u00a0En erotisk aff\u00e4r\/D\u00fcrers sex kuddar. Susanne Skog om r\u00f6stens intimitet. Konstn\u00e4ren Anne Traegdes Gullsamlingen.\u00a0<\/span><a href=\"http:\/\/divan.nu\/wp-content\/uploads\/2009\/09\/3-4-02-inledning.pdf\" target=\"_blank\" rel=\"noopener\">L\u00e4s inledningen!<\/a><\/p>\r\n<p><span style=\"font-style: normal; color: #99cc00;\">\u2022\u00a0<\/span><\/p>\r\n<h4><a href=\"http:\/\/divan.nu\/wp-content\/uploads\/2009\/09\/1-2_01NY.jpg\"><img loading=\"lazy\" decoding=\"async\" class=\"alignleft wp-image-267\" src=\"http:\/\/divan.nu\/wp-content\/uploads\/2009\/09\/1-2_01NY.jpg\" alt=\"\" width=\"145\" height=\"145\" \/><\/a><\/h4>\r\n<p><em><strong>1 \u2013 2 2001 Hud <span style=\"color: #000000;\"><span style=\"color: #ff0000;\">SLUT<\/span><\/span><\/strong><strong><br \/><\/strong><\/em><span class=\"s1\">En klassisk text av Ester Bick, samtal med Didier Anzieu. Huden och k\u00f6nsskillnadens etik. Maurice Merleau-Ponty och &#8221;k\u00f6ttets filosofi\u201d. Poesi, performance, film och hygien. Konst av Maria Miesenberger.<\/span><\/p>\r\n<p><span style=\"font-style: normal; color: #99cc00;\">\u2022\u00a0<\/span><\/p>\r\n<p><strong><em><a href=\"http:\/\/divan.nu\/wp-content\/uploads\/2009\/09\/3-4_01.jpg\"><img loading=\"lazy\" decoding=\"async\" class=\"alignleft wp-image-958\" style=\"margin: 10px;\" title=\"3-4_01\" src=\"http:\/\/divan.nu\/wp-content\/uploads\/2009\/09\/3-4_01.jpg\" alt=\"\" width=\"124\" height=\"144\" srcset=\"https:\/\/divan.nu\/wp-content\/uploads\/2009\/09\/3-4_01.jpg 157w, https:\/\/divan.nu\/wp-content\/uploads\/2009\/09\/3-4_01-129x150.jpg 129w\" sizes=\"auto, (max-width: 124px) 100vw, 124px\" \/><\/a>3 \u2013 4 2001\u00a0 Mat<\/em><\/strong><strong><em><br \/><\/em><\/strong><span class=\"s1\">\u00c4tst\u00f6rningar,\u00a0<\/span><span class=\"s1\">en \u00e4tbar kvinna,<br \/><\/span><span class=\"s1\">sociologiska synpunkter p\u00e5\u00a0<\/span><span class=\"s1\">den kvinnliga kroppen,\u00a0<\/span><span class=\"s1\">gastronomiska utflykter,\u00a0<\/span><span class=\"s1\">mat i konst och film.<br \/><\/span><a href=\"http:\/\/divan.nu\/wp-content\/uploads\/2009\/09\/3-4-01-inledning.pdf\" target=\"_blank\" rel=\"noopener\">L\u00e4s<\/a><a href=\"http:\/\/divan.nu\/wp-content\/uploads\/2009\/09\/3-4-01-inledning.pdf\" target=\"_blank\" rel=\"noopener\"> inledni<\/a><a href=\"http:\/\/divan.nu\/wp-content\/uploads\/2009\/09\/3-4-01-inledning.pdf\" target=\"_blank\" rel=\"noopener\">ngen!<\/a><\/p>\r\n<\/div>\r\n<p><span style=\"font-style: normal; color: #99cc00;\">\u2022\u00a0<\/span><\/p>\r\n<div><em><strong>1 \u2013 2 2000 Barn<\/strong><strong><a href=\"http:\/\/divan.nu\/wp-content\/uploads\/2009\/09\/1-2_00.jpg\"><img loading=\"lazy\" decoding=\"async\" class=\"alignleft wp-image-959\" style=\"margin: 10px;\" title=\"1-2_00\" src=\"http:\/\/divan.nu\/wp-content\/uploads\/2009\/09\/1-2_00.jpg\" alt=\"\" width=\"124\" height=\"144\" srcset=\"https:\/\/divan.nu\/wp-content\/uploads\/2009\/09\/1-2_00.jpg 206w, https:\/\/divan.nu\/wp-content\/uploads\/2009\/09\/1-2_00-129x150.jpg 129w\" sizes=\"auto, (max-width: 124px) 100vw, 124px\" \/><\/a><br \/><\/strong><\/em><span class=\"s1\">Freud om \u201dfamiljeromanen&#8221;. Winnicott o \u201dkrumelurleken\u201d.<\/span><\/div>\r\n<div><span class=\"s1\">Kliniska bidrag av Anna Lena Isaksson, Johan Norman<br \/>och Agneta Sandeli.<br \/>Konst av Anna H\u00f6glund, Hanna Beling och Lillemor Borenius.<br \/><\/span><a href=\"http:\/\/divan.nu\/wp-content\/uploads\/2009\/09\/1-2-00-inledning.pdf\" target=\"_blank\" rel=\"noopener\">L\u00e4s inledningen!<\/a><\/div>\r\n<div>\r\n<p><span style=\"font-style: normal; color: #99cc00;\">\u2022\u00a0<\/span><\/p>\r\n<h4><strong><a href=\"http:\/\/divan.nu\/wp-content\/uploads\/2009\/09\/3-4_00.jpg\"><img loading=\"lazy\" decoding=\"async\" class=\"alignleft wp-image-20\" style=\"margin: 10px;\" title=\"3-4_00\" src=\"http:\/\/divan.nu\/wp-content\/uploads\/2009\/09\/3-4_00.jpg\" alt=\"\" width=\"124\" height=\"144\" \/><\/a><\/strong><\/h4>\r\n<p><strong style=\"font-size: 1em;\"><em>3 \u2013 4 2000 F\u00f6rvandling <strong><span style=\"color: #ff0000;\">SLUT<\/span><\/strong><\/em><\/strong><em><span style=\"color: #ff0000;\"><br \/><\/span><\/em><span class=\"s1\">Christopher Bollas om modern som f\u00f6rvandlande objekt. Ludvig Igra om f\u00f6rvandlingar i analysrummet. Jesper Svenbro om fatala f\u00f6ljder av ett diskuskast. Michael Ann Holly om vad konsthistoriker egentligen kan veta. Bildtema: Pompeji.\u00a0<\/span><a href=\"http:\/\/divan.nu\/wp-content\/uploads\/2009\/09\/3-4-00-inledning.pdf\" target=\"_blank\" rel=\"noopener\">L\u00e4s inledningen!<\/a><\/p>\r\n<p><span style=\"font-style: normal; color: #99cc00;\">\u2022\u00a0<\/span><\/p>\r\n<p><strong><a href=\"http:\/\/divan.nu\/wp-content\/uploads\/2009\/09\/1-2-99.jpg\"><img loading=\"lazy\" decoding=\"async\" class=\"alignleft size-full wp-image-8\" style=\"margin: 10px;\" title=\"1-2-99\" src=\"http:\/\/divan.nu\/wp-content\/uploads\/2009\/09\/1-2-99.jpg\" alt=\"\" width=\"124\" height=\"144\" \/><\/a><em>1 \u2013 2 1999 Fantasi\/Modern\u00a0<span style=\"color: #ff0000;\">SLUT<\/span><\/em><\/strong><em><span style=\"color: #ff0000;\"><br \/><\/span><\/em><span style=\"font-size: 1em;\">Om moderns plats i psykoanalysen och\u00a0<\/span>fantasins plats i samh\u00e4llet. Texter av Freud, Marie Bonaparte, Jessica Benjamin, Mignon Nixon, Oliver Parland, Carsten Bagge Laustsen och Slavoj Zizek. Konst av Annika Svenbro.<br \/><a href=\"..\/wp-content\/uploads\/2009\/09\/1-2-99-inledning.pdf\" target=\"_blank\" rel=\"noopener\">L\u00e4s<\/a><a href=\"..\/wp-content\/uploads\/2009\/09\/1-2-99-inledning.pdf\" target=\"_blank\" rel=\"noopener\"> inledningen!<\/a><\/p>\r\n<p><span style=\"font-style: normal; color: #99cc00;\">\u2022\u00a0<\/span><\/p>\r\n<p><strong><a href=\"http:\/\/divan.nu\/wp-content\/uploads\/2009\/09\/3-4_99.jpg\"><img loading=\"lazy\" decoding=\"async\" class=\"alignleft wp-image-29\" style=\"margin: 10px;\" title=\"3-4_99\" src=\"http:\/\/divan.nu\/wp-content\/uploads\/2009\/09\/3-4_99.jpg\" alt=\"\" width=\"124\" height=\"144\" \/><\/a><em>3 \u2013 4 1999 Teknik\/Techne<br \/><\/em><\/strong>Freud, Bion och Reeder om psykoanalytisk teknik. Ett samtal med filosofen Alexander Orlowski om fenomenologi och psykoanalys.<br \/>Konst av Karin Lind.<br \/><a href=\"http:\/\/divan.nu\/wp-content\/uploads\/2009\/09\/3-4-99-inledning.pdf\" target=\"_blank\" rel=\"noopener\">L\u00e4s<\/a><a href=\"http:\/\/divan.nu\/wp-content\/uploads\/2009\/09\/3-4-99-inledning.pdf\" target=\"_blank\" rel=\"noopener\"> inledning<\/a><a href=\"http:\/\/divan.nu\/wp-content\/uploads\/2009\/09\/3-4-99-inledning.pdf\" target=\"_blank\" rel=\"noopener\">en!<\/a><\/p>\r\n<p><span style=\"font-style: normal; color: #99cc00;\">\u2022\u00a0<\/span><\/p>\r\n<\/div>\r\n<div style=\"text-align: left;\">\r\n<p><strong><a href=\"http:\/\/divan.nu\/wp-content\/uploads\/2009\/09\/1-2_98.jpg\"><img loading=\"lazy\" decoding=\"async\" class=\"alignleft wp-image-18\" style=\"margin: 10px;\" title=\"1-2_98\" src=\"http:\/\/divan.nu\/wp-content\/uploads\/2009\/09\/1-2_98.jpg\" alt=\"\" width=\"124\" height=\"144\" \/><\/a><em>1 \u2013 2 1998 F\u00f6rf\u00f6relsen<\/em><\/strong><strong><em><br \/><\/em><\/strong><span class=\"s1\">Om f\u00f6rf\u00f6relsens olika betydelser och m\u00e5ngskiftande gestalt. Texter av bland andra Charles Hanly, Anna-Stina Rilton, Jurgen Reeder. Nina Weibull om Fragonard vars berusande bilder illustrerar numret.<br \/><\/span><a href=\"http:\/\/divan.nu\/wp-content\/uploads\/2009\/09\/1-2-98-inledning.pdf\" target=\"_blank\" rel=\"noopener\">L\u00e4s inledningen!<\/a><\/p>\r\n<p><span style=\"font-style: normal; color: #99cc00;\">\u2022\u00a0<\/span><\/p>\r\n<p><strong><a href=\"http:\/\/divan.nu\/wp-content\/uploads\/2009\/09\/3-4_98.jpg\"><img loading=\"lazy\" decoding=\"async\" class=\"alignleft size-full wp-image-28\" style=\"margin: 10px;\" title=\"3-4_98\" src=\"http:\/\/divan.nu\/wp-content\/uploads\/2009\/09\/3-4_98.jpg\" alt=\"\" width=\"124\" height=\"144\" \/><\/a><\/strong><\/p>\r\n<p><em><strong>3 \u2013 4 1998\u00a0 Fetischism\u00a0<span style=\"color: #ff0000;\">SLUT<\/span><\/strong><span style=\"color: #ff0000;\"><br \/><\/span><\/em><span class=\"s1\">Begreppet &#8221;fetischism&#8221; pr\u00f6vas och anv\u00e4nds av bland annat Freud, Anne McClintock, Joyce McDougall, Michael Azar och Walter Benjamin.<br \/>Objekt av Katrine Helmersson.<br \/><\/span><a href=\"http:\/\/divan.nu\/wp-content\/uploads\/2009\/09\/3-4-98-inledning.pdf\" target=\"_blank\" rel=\"noopener\">L\u00e4s inledningen!<\/a><\/p>\r\n<p><span style=\"font-style: normal; color: #99cc00;\">\u2022\u00a0<\/span><\/p>\r\n<p><strong><a href=\"http:\/\/divan.nu\/wp-content\/uploads\/2009\/09\/DIVAN-nr-1-1997.jpg\"><img loading=\"lazy\" decoding=\"async\" class=\"alignleft size-full wp-image-379\" style=\"margin: 10px;\" title=\"DIVAN nr 1 1997\" src=\"http:\/\/divan.nu\/wp-content\/uploads\/2009\/09\/DIVAN-nr-1-1997.jpg\" alt=\"\" width=\"124\" height=\"144\" \/><\/a><\/strong><\/p>\r\n<p><em><strong>1 1997 Sorg och melankoli <span style=\"color: #ff0000;\">SLUT<\/span><\/strong><strong><br \/><\/strong><\/em><span style=\"color: #000000;\">Freud: Sorg och melankoli. Maria Torok: &#8221;Sorgsjukdom&#8221; och fantasmen om det uts\u00f6kta liket. Johan Beck-Friis: Narcissismen \u00e4r depressionens moder. Gudrun Igra: Den judiska traditionen vid d\u00f6d och sorg. Lars \u00c5ke Kundberg: Vetekornet som m\u00e5ste d\u00f6<\/span><\/p>\r\n<p><span style=\"font-style: normal; color: #99cc00;\">\u2022\u00a0<\/span><\/p>\r\n<p><strong><a href=\"http:\/\/divan.nu\/wp-content\/uploads\/2009\/09\/2-97.jpg\"><img loading=\"lazy\" decoding=\"async\" class=\"wp-image-960 alignleft\" style=\"margin: 10px;\" title=\"2-97\" src=\"http:\/\/divan.nu\/wp-content\/uploads\/2009\/09\/2-97.jpg\" alt=\"\" width=\"124\" height=\"144\" srcset=\"https:\/\/divan.nu\/wp-content\/uploads\/2009\/09\/2-97.jpg 578w, https:\/\/divan.nu\/wp-content\/uploads\/2009\/09\/2-97-129x150.jpg 129w, https:\/\/divan.nu\/wp-content\/uploads\/2009\/09\/2-97-346x400.jpg 346w\" sizes=\"auto, (max-width: 124px) 100vw, 124px\" \/><\/a><\/strong><\/p>\r\n<p><em><strong>2 1997\u00a0 Swedenborg<br \/><\/strong><\/em><span class=\"s1\">Om Emanuel Swedenborg av Lars Bergqvist, Inge Jonsson, Roland Lysell, Thomas G\u00f6tselius m. fl. Bo Georgii-Hemming om Robinson Crusoe. Carl-Michael Edenborg om Gustaf Bonde. Claudia Lind\u00e9n om Strindbergs celestografier.\u00a0Anna-Karin Palm och Kate Larson om \u00e4nglar.<\/span><\/p>\r\n<p><span style=\"font-style: normal; color: #99cc00;\">\u2022\u00a0<\/span><\/p>\r\n<p><strong><a href=\"http:\/\/divan.nu\/wp-content\/uploads\/2009\/09\/3-4_97mama.jpg\"><img loading=\"lazy\" decoding=\"async\" class=\"alignleft wp-image-27\" style=\"margin: 10px;\" title=\"3-4_97mama\" src=\"http:\/\/divan.nu\/wp-content\/uploads\/2009\/09\/3-4_97mama.jpg\" alt=\"\" width=\"114\" height=\"140\" \/><\/a><\/strong><\/p>\r\n<p><em style=\"font-size: 1em; font-weight: normal;\"><strong>3 \u2013 4 1997\u00a0 MAMA\/DIVAN<\/strong><strong><br \/><\/strong><\/em>Psykoanalys och arkitektur.<br \/>Ett samarbetsnummer mellan<br \/>MAMA \u2013 Magasin f\u00f6r modern arkitektur<br \/>och Divan.<\/p>\r\n<\/div>\r\n<p><span style=\"font-style: normal; color: #99cc00;\">\u2022\u00a0<\/span><\/p>\r\n<h4><strong><a href=\"http:\/\/divan.nu\/wp-content\/uploads\/2009\/09\/1_96.jpg\"><img loading=\"lazy\" decoding=\"async\" class=\"alignleft wp-image-961\" style=\"margin: 10px;\" title=\"1_96\" src=\"http:\/\/divan.nu\/wp-content\/uploads\/2009\/09\/1_96.jpg\" alt=\"\" width=\"124\" height=\"144\" srcset=\"https:\/\/divan.nu\/wp-content\/uploads\/2009\/09\/1_96.jpg 159w, https:\/\/divan.nu\/wp-content\/uploads\/2009\/09\/1_96-128x150.jpg 128w\" sizes=\"auto, (max-width: 124px) 100vw, 124px\" \/><\/a><\/strong><\/h4>\r\n<p><strong><em>1 1996 CHR och hans bildv\u00e4rld<\/em><\/strong><em><span style=\"color: #ff0000;\"><br \/><\/span><\/em>Carl-Johan Malmberg: Fl\u00e4ckar som ser, Moona Bj\u00f6rklund: Christers \u00e5ttafaldiga v\u00e4g, CHR: Tio abstrakta bilder, Samtal mellan Cia Wedin och Christer Str\u00f6mholm: Svart tusch har fem f\u00e4rger, Freud: Psykogena synst\u00f6rningar ur psykoanalytisk synvinkel, Christopher Bollas: Ett s\u00e4rskilt sinne, Biografi, bibilografi och bildindex CHR.<\/p>\r\n<p><span style=\"font-style: normal; color: #99cc00;\">\u2022\u00a0<\/span><\/p>\r\n<p><strong><img loading=\"lazy\" decoding=\"async\" class=\"alignleft wp-image-570\" title=\"2-96 NY\" src=\"http:\/\/divan.nu\/wp-content\/uploads\/2009\/09\/2-96-NY.jpg\" alt=\"\" width=\"150\" height=\"170\" srcset=\"https:\/\/divan.nu\/wp-content\/uploads\/2009\/09\/2-96-NY.jpg 150w, https:\/\/divan.nu\/wp-content\/uploads\/2009\/09\/2-96-NY-132x150.jpg 132w\" sizes=\"auto, (max-width: 150px) 100vw, 150px\" \/><\/strong><em><strong>2 1996 Blicken, seendet<\/strong> <strong><span style=\"color: #ff0000;\">SLUT<\/span><\/strong><span style=\"color: #ff0000;\"><br \/><\/span><\/em>Texter av Jorge Luis Borges, Peter Cornell, Jan Holmberg, Luce Irigaray, Sarah Kofman, Claudia Lind\u00e9n, Jan Eric Ols\u00e9n, Astrid S\u00f6derbergh Widding, Sven-Olov Wallenstein.<br \/>Fotografier av Miriam B\u00e4ckstr\u00f6m ur sviten D\u00f6dsbo\/Estate of a deceased person 1992-1995<\/p>\r\n<p><span style=\"font-style: normal; color: #99cc00;\">\u2022\u00a0<\/span><\/p>\r\n<p><strong><img loading=\"lazy\" decoding=\"async\" class=\"alignleft size-full wp-image-566\" title=\"3-96 NY\" src=\"http:\/\/divan.nu\/wp-content\/uploads\/2009\/09\/3-96-NY.jpg\" alt=\"\" width=\"150\" height=\"170\" srcset=\"https:\/\/divan.nu\/wp-content\/uploads\/2009\/09\/3-96-NY.jpg 150w, https:\/\/divan.nu\/wp-content\/uploads\/2009\/09\/3-96-NY-132x150.jpg 132w\" sizes=\"auto, (max-width: 150px) 100vw, 150px\" \/><\/strong><em><strong>3 19<\/strong><strong>96 Dr\u00f6mmen <span style=\"color: #ff0000;\">SLUT<\/span><\/strong><span style=\"color: #ff0000;\"><br \/><\/span><\/em>Andr\u00e1s P\u00f6st\u00e9nyi: Hitom lustprincipen. Margaret Iversen: Edward Hopper och det kusliga. Jean-Bertrand Pontalis: Att penetrera en dr\u00f6m. Jean Starobinski: Den sovandes syn. Graciela Schust-Briat: Fruktsamma \u00f6gon. Illustrationer av Johann Heinrich F\u00fcssli, Edward Hopper, Bianca Maria Barmen, Karin Wickstr\u00f6m<\/p>\r\n<p><span style=\"font-style: normal; color: #99cc00;\">\u2022\u00a0<\/span><\/p>\r\n<div style=\"text-align: left;\">\r\n<h4><a href=\"http:\/\/divan.nu\/wp-content\/uploads\/2009\/09\/4-96-fr-Ingela.jpg\"><img loading=\"lazy\" decoding=\"async\" class=\"alignleft wp-image-563\" style=\"margin: 10px;\" title=\"4-96 fr Ingela\" src=\"http:\/\/divan.nu\/wp-content\/uploads\/2009\/09\/4-96-fr-Ingela.jpg\" alt=\"\" width=\"124\" height=\"144\" \/><\/a><\/h4>\r\n<p><em style=\"font-size: 1em; font-weight: normal;\"><strong>4 1996 Musik<\/strong><span style=\"color: #ff0000;\"><br \/><\/span><\/em>Oliver Parland om problemet med inneh\u00e5ll i musiken. Gunilla Iversen om Hildegard fr\u00e5n Bingen Tr\u00e4det &#8211; samtal med Arvo och Nora P\u00e4rt.\u00a0A tre voci &#8211; samtal med Sven Sandstr\u00f6m. Carl Unander-Scharin om operan Tokfursten. Fotografier av Rolf Hanson ur sviten\u00a0Walk, walk, walking the dog (1989-1995).<\/p>\r\n<p><span style=\"font-style: normal; color: #99cc00;\">\u2022\u00a0<\/span><\/p>\r\n<p><strong><img loading=\"lazy\" decoding=\"async\" class=\"alignleft wp-image-380\" style=\"margin: 10px;\" title=\"DIVAN nr 10 omslag\" src=\"http:\/\/divan.nu\/wp-content\/uploads\/2009\/09\/DIVAN-nr-10-omslag.jpg\" alt=\"DIVAN nr 10 omslag\" width=\"124\" height=\"144\" \/><\/strong><strong>1 1995 Offret\u00a0<em><span style=\"color: #ff0000;\">SLUT<\/span><\/em><\/strong><span style=\"color: #ff0000;\"><br \/><\/span>Freud: Borttr\u00e4ngningen, Barbro Sylwan: Den f\u00f6rsta l\u00f6gnen, Cecilia Sj\u00f6holm: Lusten att d\u00f6da, Ingmar Karlsson: Den sk\u00e4ndade vargen, Jurgen Reeder: &#8221;Jag lider, allts\u00e5 \u00e4r jag&#8221;, Herakleitos: Stridsfragmenten, Slavoj Zizek: Fr\u00e5n en d\u00f6d till en annan,\u00a0 Marcia Cavalcante-Schuback: In vino veritas.<\/p>\r\n<p><span style=\"font-style: normal; color: #99cc00;\">\u2022\u00a0<\/span><\/p>\r\n<p><strong><a href=\"http:\/\/divan.nu\/wp-content\/uploads\/2009\/09\/nopicNY.jpg\"><img loading=\"lazy\" decoding=\"async\" class=\"alignleft wp-image-271\" style=\"margin: 10px;\" title=\"nopicNY\" src=\"http:\/\/divan.nu\/wp-content\/uploads\/2009\/09\/nopicNY.jpg\" alt=\"\" width=\"115\" height=\"115\" \/><\/a><\/strong><\/p>\r\n<p><strong style=\"font-size: 1em;\"><br \/><em>2 1995 Person- och sakregister\u00a0<strong><span style=\"color: #ff0000;\">SLUT<\/span><\/strong><\/em><\/strong><strong style=\"font-size: 1em;\"><br \/><\/strong><span style=\"color: #000000;\">Inneh\u00e5lls- och f\u00f6rfattarf\u00f6rteckning<br \/><\/span><span style=\"color: #000000;\">samt person- och sakregister\u00a0<\/span>f\u00f6r<br \/>Divan nr 1 \u201310 (1990 \u2013 1995).<\/p>\r\n<p><span style=\"font-style: normal; color: #99cc00;\">\u2022\u00a0<\/span><\/p>\r\n<\/div>\r\n<div style=\"text-align: left;\">\r\n<p><strong><img loading=\"lazy\" decoding=\"async\" class=\"alignleft size-full wp-image-377\" title=\"DIVAN nr 3 1995\" src=\"http:\/\/divan.nu\/wp-content\/uploads\/2009\/09\/DIVAN-nr-3-1995.jpg\" alt=\"DIVAN nr 3 1995\" width=\"150\" height=\"150\" \/><\/strong><span style=\"color: #000000;\"><strong><em>3 1995 Narcissism <strong style=\"font-size: 1em;\"><span style=\"color: #ff0000;\">SLUT<\/span><\/strong><\/em><\/strong><strong><br \/><\/strong><\/span><span style=\"color: #888888;\"><span style=\"color: #000000;\">Freud: Till inf\u00f6randet av narcissismen.<br \/>Bo Sigrell: Freud och Narkissos. L\u00e9on Grinberg: Brev till Freud. Jacques Lacan: N\u00e5gra reflektioner \u00f6ver jaget. Agneta Sandell: En kvinnas doft. Ann J\u00e4derlund: En Narkissosdikt<\/span><\/span><\/p>\r\n<p><span style=\"font-style: normal; color: #99cc00;\">\u2022\u00a0<\/span><\/p>\r\n<\/div>\r\n<div style=\"text-align: left;\">\r\n<p><strong><img loading=\"lazy\" decoding=\"async\" class=\"alignleft size-full wp-image-378\" style=\"margin: 10px;\" title=\"DIVAN nr 4 1995 omslag\" src=\"http:\/\/divan.nu\/wp-content\/uploads\/2009\/09\/DIVAN-nr-4-1995-omslag.jpg\" alt=\"DIVAN nr 4 1995 omslag\" width=\"124\" height=\"144\" \/><\/strong><em><strong>4 1995 Amerika och fj\u00e4rilar<\/strong><span style=\"color: #ff0000;\"><br \/><\/span><\/em><span class=\"s1\">Oliver Parland: En studie i vitt, Birgitta Holm: Den oassimilerbara kvinnokroppen.\u00a0 Louise Bourgeois: Freuds leksaker,\u00a0Leonard Shengold: Malen som symbol f\u00f6r modern. Elisabeth Bishop: Malmannen, Lars Nylander: Psykoanalys Amerika tur och retur. John Swedenmark: Sju s\u00e4tt att vara. Om Patti Smith.<\/span><\/p>\r\n<p><em><span style=\"text-decoration: underline;\"><strong>Fr\u00e5n och med 1995 \u00e4ndrades Divans numreringsystem<\/strong><\/span><\/em><\/p>\r\n<p><span style=\"color: #000000;\"><strong><br \/><img loading=\"lazy\" decoding=\"async\" class=\"alignleft wp-image-376\" style=\"margin: 10px;\" title=\"Divan nr 9 omslag\" src=\"http:\/\/divan.nu\/wp-content\/uploads\/2009\/09\/Divan-nr-9-omslag.jpg\" alt=\"Divan nr 9 omslag\" width=\"124\" height=\"144\" \/><em>9 1994 Symbolisering <\/em><\/strong><em> <strong><span style=\"color: #ff0000;\">SLUT<\/span><\/strong><\/em><strong><br \/><\/strong><\/span><span style=\"color: #000000;\">Ludvig Igra: F\u00f6rg\u00e4nglighet, sm\u00e4rta och n\u00e4rvaro, Cecilia Lindqvist: Samtal med Jan H\u00e5fstr\u00f6m, Hanna Segal om symbolbildning, Henry\u00a0 Jablonski: Ljus och m\u00f6rker, stillhet och storm, Johan Norman: Barnet, myten och My Little Pony, Astrid S\u00f6derbergh Widding: Att flyga ut ur denna v\u00e4rld.<\/span><\/p>\r\n<p><span style=\"font-style: normal; color: #99cc00;\">\u2022\u00a0<\/span><\/p>\r\n<p><strong><img loading=\"lazy\" decoding=\"async\" class=\"alignleft wp-image-375\" style=\"margin: 10px;\" title=\"Divan nr 8 omslag\" src=\"http:\/\/divan.nu\/wp-content\/uploads\/2009\/09\/Divan-nr-8-omslag.jpg\" alt=\"Divan nr 8 omslag\" width=\"124\" height=\"144\" \/><\/strong><strong><em>8 1994 Rasism\u00a0<span style=\"color: #ff0000;\">SLUT<\/span><\/em><\/strong><strong><br \/><\/strong><span style=\"color: #000000;\">Frantz Fanon: Negern och Hegel, Sina Najafi: Mapplethorpes fetischer, Homi Bhabha: Samtal med Gill Straker, G\u00e9rard Miller: Vad ultrah\u00f6gern gr\u00e4ver upp, Thomas B\u00f6hm: Inte som vi,\u00a0Jurgen Reeder: Till tolkningen av den medvetna fantasin,\u00a0Freud: Ett barn blir slaget.<\/span><\/p>\r\n<p><span style=\"font-style: normal; color: #99cc00;\">\u2022\u00a0<\/span><br \/><strong><img loading=\"lazy\" decoding=\"async\" class=\"alignleft wp-image-374\" style=\"margin: 10px;\" title=\"Divan nr 7 Omslag\" src=\"http:\/\/divan.nu\/wp-content\/uploads\/2009\/09\/Divan-nr-7-Omslag.jpg\" alt=\"Divan nr 7 Omslag\" width=\"124\" height=\"144\" \/><\/strong><strong><em>7 1993 V\u00e5ld och h\u00e4mnd\u00a0<\/em><br \/><\/strong><span style=\"color: #000000;\">Ludvig Igra: H\u00e4mnd, Nina Weibull:\u00a0 Samtal med Marta Cullberg-Weston, Melanie Klein: Om ensamhetsk\u00e4nslan, Judy Gammelgaard om khatarsis, Sara Arrhenius: Kl\u00e4derna g\u00f6r mannen, Andr\u00e1s P\u00f6st\u00e9nyi: Analytiskt arbete och dr\u00f6mmande, Eric LaGuardia: F\u00f6retr\u00e4de och f\u00f6rskjutning.<\/span><\/p>\r\n<p><span style=\"font-style: normal; color: #99cc00;\">\u2022\u00a0<\/span><\/p>\r\n<p><strong><em>6 1993 Faderskap\u00a0<span style=\"color: #000000;\"><span style=\"color: #ff0000;\">SLUT<\/span><\/span><\/em><\/strong><strong><img loading=\"lazy\" decoding=\"async\" class=\"alignleft wp-image-373\" style=\"margin: 10px;\" title=\"DIVAN nr 6 omslag\" src=\"http:\/\/divan.nu\/wp-content\/uploads\/2009\/09\/DIVAN-nr-6-omslag-.jpg\" alt=\"DIVAN nr 6 omslag\" width=\"124\" height=\"144\" \/><\/strong><span style=\"color: #000000;\"><br \/>Toril Moi: Pakter, depression och skrivande, J. Reeder: Den okastrerade mannen, Paul Ric\u0153ur: Faderskap: fr\u00e5n fantasi till symbol, Magnus Florin: I f\u00e4dernas sp\u00e5r, Nina Weibull om Cleas Eklundhs m\u00e5leri, Samtal: Elisabeth Roudinesco, Kaj H\u00e5kanson: Jagber\u00e4ttelse, skuld och f\u00f6rsoning.<\/span><\/p>\r\n<p><span style=\"font-style: normal; color: #99cc00;\">\u2022\u00a0<\/span><\/p>\r\n<p><em><strong>5 1992 Kvinnor och psykoanalys <span style=\"color: #000000;\"><span style=\"color: #ff0000;\">SLUT<\/span><\/span><\/strong><\/em><strong><img loading=\"lazy\" decoding=\"async\" class=\"alignleft wp-image-372\" style=\"margin: 10px;\" title=\"DIVAN nr 5 omslag\" src=\"http:\/\/divan.nu\/wp-content\/uploads\/2009\/09\/DIVAN-nr-5-omslag.jpg\" alt=\"DIVAN nr 5 omslag\" width=\"124\" height=\"144\" \/><\/strong><span style=\"color: #000000;\"><br \/>Ir\u00e9ne Matthis: Hysteriker, Freud om det hysteriska anfallet, Joan Rivi\u00e8re: Kvinnlighet som maskerad. Samtal 1: I. Matthis, Katarina Frostenson, Ebba Witt-Brattstr\u00f6m. Samtal 2: Katrine Helmerson, Annika \u00d6hrner, Zagorka Zivkovic. Martha Nussbaum: Vana, passion och reflektion i den akademiska traditionen.<\/span><\/p>\r\n<p><span style=\"font-style: normal; color: #99cc00;\">\u2022\u00a0<\/span><\/p>\r\n<p><em><strong>4 1992 Tanke och katastrof <span style=\"color: #ff0000;\">SLUT<\/span><\/strong><\/em><strong><img loading=\"lazy\" decoding=\"async\" class=\"alignleft size-full wp-image-371\" style=\"margin: 10px;\" title=\"DIVAN nr 4 omslag\" src=\"http:\/\/divan.nu\/wp-content\/uploads\/2009\/09\/DIVAN-nr-4-omslag.jpg\" alt=\"DIVAN nr 4 omslag\" width=\"124\" height=\"144\" \/><\/strong><span style=\"color: #000000;\"><br \/>W R Bion: Mystikern och etablissemanget. Horace Engdahl: Samtalets stil. Samtal 1: Mona Vincent, Julia Kristeva om Proust. Maurice Blanchot: Det analytiska talet, S-O Wallenstein: det psykoanalytiska sanningsbegreppet. Samtal 2: Erik Mesterton, Lars Sj\u00f6gren, Ebba Witt-Brattstr\u00f6m.<\/span><\/p>\r\n<p><span style=\"font-style: normal; color: #99cc00;\">\u2022\u00a0<\/span><\/p>\r\n<p><strong><em><img loading=\"lazy\" decoding=\"async\" class=\"alignleft wp-image-370\" style=\"margin: 10px;\" title=\"DIVAN nr 3 omslag\" src=\"http:\/\/divan.nu\/wp-content\/uploads\/2009\/09\/DIVAN-nr-3-omslag.jpg\" alt=\"DIVAN nr 3 omslag\" width=\"124\" height=\"144\" \/>3 1991 Ber\u00e4ttelsen<\/em><\/strong><em><span style=\"color: #ff0000;\"><br \/><\/span><\/em><span style=\"color: #000000;\">Peter Kemp: Urber\u00e4ttelse, livshistoria, grundber\u00e4ttelse, Laurits Lauritsen: Vad blev det av det &#8221;analytiska arbetet&#8221;?, Zagorka Zivkovic: Etik som reflektion och avg\u00f6rande, Jacques-Alain Miller: Lacans arbete med myten. Samtal: Eva L\u00f6fdahl och Gertrud Sandqvist.\u00a0<\/span><\/p>\r\n<p><span style=\"font-style: normal; color: #99cc00;\">\u2022\u00a0<\/span><\/p>\r\n<p><strong><img loading=\"lazy\" decoding=\"async\" class=\"alignleft size-full wp-image-572\" style=\"margin: 10px;\" title=\"2-91NY\" src=\"http:\/\/divan.nu\/wp-content\/uploads\/2009\/09\/2-91NY.jpg\" alt=\"\" width=\"124\" height=\"144\" \/><\/strong><strong><em>2 1991 Litteratur och psykoanalys<\/em><\/strong><em><span style=\"color: #ff0000;\"><br \/><\/span><\/em>Erik Beckman: Tv\u00e5 olika saker, Sven Hansell och Zagorka Zivkovic samtalar med Erik Beckman, Ir\u00e9ne Matthis: Almqvists f\u00f6rord till Amorina, Horace Engdahl: K\u00fcsse-Bisse. Ebba Witt-Brattstr\u00f6m om Duras, Juliet Mitchell intervjuas av Moa Matthis.<\/p>\r\n<p><span style=\"font-style: normal; color: #99cc00;\">\u2022\u00a0<\/span><\/p>\r\n<p><strong><em><br \/>1<\/em><\/strong><em><strong><img loading=\"lazy\" decoding=\"async\" class=\"alignleft wp-image-369\" style=\"margin: 10px;\" src=\"http:\/\/divan.nu\/wp-content\/uploads\/2009\/09\/Divaan-nr-1-omslag.jpg\" alt=\"Divan nr 1 omslag\" width=\"124\" height=\"144\" \/><\/strong><\/em><span style=\"color: #000000;\"><em><strong> 1990 Symboler, sagor och myter <span style=\"color: #ff0000;\">SLUT<\/span><\/strong><\/em><span style=\"color: #ff0000;\"><br \/><\/span><\/span><span style=\"color: #000000;\">Freud: Valet mellan de tre skrinen, Nina Weibull om f\u00f6rlustens motiv i Lena Cronqvists m\u00e5leri, <\/span>Claude L\u00e9vi-Strauss: Symbolernas verkande kraft, Samtal med Agneta Pleijel, <span style=\"color: #000000;\">Cecilia Sj\u00f6holm: D\u00f6rrar som inte g\u00e5r att st\u00e4nga, Ebba Witt-Brattstr\u00f6m: Ekel\u00f6fs Diwan.<br \/><\/span><\/p>\r\n<\/div>\r\n\r\n<p>&nbsp;<\/p>\r\n","protected":false},"excerpt":{"rendered":"<p>H\u00e4r nedan finner Du kort information om alla tidigare nummer av Divan sedan starten 1990. En del av dem \u00e4r sluts\u00e5lda, medan andra fortfarande g\u00e5r att best\u00e4lla. Instruktioner om hur Du g\u00f6r f\u00f6r att best\u00e4lla hittar Du genom\u00a0att klicka\u00a0h\u00e4r! Divan nr 1\u20132 2025 Tid och otid. Tidens g\u00e5ng ramar in och strukturerar v\u00e5ra liv \u2013&hellip; <\/p>\n<div class=\"readmore-wrapper\"><a href=\"https:\/\/divan.nu\/?page_id=65\" class=\"more-link\">Read More<\/a><\/div>\n","protected":false},"author":1,"featured_media":0,"parent":0,"menu_order":4,"comment_status":"closed","ping_status":"open","template":"","meta":{"footnotes":""},"class_list":["post-65","page","type-page","status-publish","hentry"],"_links":{"self":[{"href":"https:\/\/divan.nu\/index.php?rest_route=\/wp\/v2\/pages\/65","targetHints":{"allow":["GET"]}}],"collection":[{"href":"https:\/\/divan.nu\/index.php?rest_route=\/wp\/v2\/pages"}],"about":[{"href":"https:\/\/divan.nu\/index.php?rest_route=\/wp\/v2\/types\/page"}],"author":[{"embeddable":true,"href":"https:\/\/divan.nu\/index.php?rest_route=\/wp\/v2\/users\/1"}],"replies":[{"embeddable":true,"href":"https:\/\/divan.nu\/index.php?rest_route=%2Fwp%2Fv2%2Fcomments&post=65"}],"version-history":[{"count":620,"href":"https:\/\/divan.nu\/index.php?rest_route=\/wp\/v2\/pages\/65\/revisions"}],"predecessor-version":[{"id":2126,"href":"https:\/\/divan.nu\/index.php?rest_route=\/wp\/v2\/pages\/65\/revisions\/2126"}],"wp:attachment":[{"href":"https:\/\/divan.nu\/index.php?rest_route=%2Fwp%2Fv2%2Fmedia&parent=65"}],"curies":[{"name":"wp","href":"https:\/\/api.w.org\/{rel}","templated":true}]}}